{"id":1744,"date":"2026-02-20T19:21:55","date_gmt":"2026-02-20T19:21:55","guid":{"rendered":"https:\/\/bodegasierraalmagrera.com\/el-argar\/"},"modified":"2026-03-10T17:36:03","modified_gmt":"2026-03-10T17:36:03","slug":"el-argar","status":"publish","type":"page","link":"https:\/\/bodegasierraalmagrera.com\/de\/el-argar\/","title":{"rendered":"El Argar"},"content":{"rendered":"\t\t<div data-elementor-type=\"wp-page\" data-elementor-id=\"1744\" class=\"elementor elementor-1744 elementor-31\" data-elementor-post-type=\"page\">\n\t\t\t\t<div class=\"elementor-element elementor-element-a73f3a7 e-con-full e-flex e-con e-parent\" data-id=\"a73f3a7\" data-element_type=\"container\" data-e-type=\"container\" data-settings=\"{&quot;background_background&quot;:&quot;classic&quot;}\">\n\t\t\t\t<div class=\"elementor-element elementor-element-b273bd2 elementor-widget elementor-widget-heading\" data-id=\"b273bd2\" data-element_type=\"widget\" data-e-type=\"widget\" data-widget_type=\"heading.default\">\n\t\t\t\t\t<h1 class=\"elementor-heading-title elementor-size-default\">EL ARGAR<\/h1>\t\t\t\t<\/div>\n\t\t\t\t<\/div>\n\t\t<div class=\"elementor-element elementor-element-9fccf07 e-flex e-con-boxed e-con e-parent\" data-id=\"9fccf07\" data-element_type=\"container\" data-e-type=\"container\" data-settings=\"{&quot;background_background&quot;:&quot;classic&quot;}\">\n\t\t\t\t\t<div class=\"e-con-inner\">\n\t\t<div class=\"elementor-element elementor-element-4f0f8a8 e-con-full e-flex elementor-invisible e-con e-child\" data-id=\"4f0f8a8\" data-element_type=\"container\" data-e-type=\"container\" data-settings=\"{&quot;animation&quot;:&quot;fadeInLeft&quot;}\">\n\t\t\t\t<div class=\"elementor-element elementor-element-b7d33b0 elementor-widget elementor-widget-heading\" data-id=\"b7d33b0\" data-element_type=\"widget\" data-e-type=\"widget\" data-widget_type=\"heading.default\">\n\t\t\t\t\t<h2 class=\"elementor-heading-title elementor-size-default\"><strong>EL ARGAR<\/strong>, DER URSPRUNG DER <strong>ANTAS-WEINE<\/strong><\/h2>\t\t\t\t<\/div>\n\t\t\t\t<div class=\"elementor-element elementor-element-b69e4c8 elementor-widget elementor-widget-text-editor\" data-id=\"b69e4c8\" data-element_type=\"widget\" data-e-type=\"widget\" data-widget_type=\"text-editor.default\">\n\t\t\t\t\t\t\t\t\t<p><span class=\"a_GcMg font-feature-liga-off font-feature-clig-off font-feature-calt-off text-decoration-none text-strikethrough-none\">In Antas, Almer\u00eda, befindet sich eine der bedeutendsten arch\u00e4ologischen St\u00e4tten Europas: El Argar, Wiege einer der fortschrittlichsten Kulturen der Bronzezeit. In derselben Landschaft, in der vor \u00fcber viertausend Jahren eine m\u00e4chtige Zivilisation bl\u00fchte, gedeihen heute einige der au\u00dfergew\u00f6hnlichsten Weinberge der Bodega Sierra Almagrera und erwecken die ANTAS\u00ae-Weine zum Leben. <\/span><\/p>\t\t\t\t\t\t\t\t<\/div>\n\t\t<div class=\"elementor-element elementor-element-8539a02 e-con-full elementor-hidden-desktop elementor-hidden-tablet e-flex elementor-invisible e-con e-child\" data-id=\"8539a02\" data-element_type=\"container\" data-e-type=\"container\" data-settings=\"{&quot;animation&quot;:&quot;fadeIn&quot;}\">\n\t\t\t\t<div class=\"elementor-element elementor-element-f94bcba elementor-widget elementor-widget-image\" data-id=\"f94bcba\" data-element_type=\"widget\" data-e-type=\"widget\" data-widget_type=\"image.default\">\n\t\t\t\t\t\t\t\t\t\t\t\t\t\t\t<img fetchpriority=\"high\" decoding=\"async\" width=\"500\" height=\"500\" src=\"https:\/\/bodegasierraalmagrera.com\/wp-content\/uploads\/2026\/02\/el-argar.jpg\" class=\"attachment-large size-large wp-image-1746\" alt=\"el argar antas\" srcset=\"https:\/\/bodegasierraalmagrera.com\/wp-content\/uploads\/2026\/02\/el-argar.jpg 500w, https:\/\/bodegasierraalmagrera.com\/wp-content\/uploads\/2026\/02\/el-argar-300x300.jpg 300w, https:\/\/bodegasierraalmagrera.com\/wp-content\/uploads\/2026\/02\/el-argar-150x150.jpg 150w\" sizes=\"(max-width: 500px) 100vw, 500px\" \/>\t\t\t\t\t\t\t\t\t\t\t\t\t\t\t<\/div>\n\t\t\t\t<\/div>\n\t\t\t\t<\/div>\n\t\t<div class=\"elementor-element elementor-element-837c9f7 e-con-full elementor-hidden-mobile e-flex elementor-invisible e-con e-child\" data-id=\"837c9f7\" data-element_type=\"container\" data-e-type=\"container\" data-settings=\"{&quot;animation&quot;:&quot;fadeIn&quot;}\">\n\t\t\t\t<div class=\"elementor-element elementor-element-d9b7d24 elementor-widget elementor-widget-image\" data-id=\"d9b7d24\" data-element_type=\"widget\" data-e-type=\"widget\" data-widget_type=\"image.default\">\n\t\t\t\t\t\t\t\t\t\t\t\t\t\t\t<img fetchpriority=\"high\" decoding=\"async\" width=\"500\" height=\"500\" src=\"https:\/\/bodegasierraalmagrera.com\/wp-content\/uploads\/2026\/02\/el-argar.jpg\" class=\"attachment-large size-large wp-image-1746\" alt=\"el argar antas\" srcset=\"https:\/\/bodegasierraalmagrera.com\/wp-content\/uploads\/2026\/02\/el-argar.jpg 500w, https:\/\/bodegasierraalmagrera.com\/wp-content\/uploads\/2026\/02\/el-argar-300x300.jpg 300w, https:\/\/bodegasierraalmagrera.com\/wp-content\/uploads\/2026\/02\/el-argar-150x150.jpg 150w\" sizes=\"(max-width: 500px) 100vw, 500px\" \/>\t\t\t\t\t\t\t\t\t\t\t\t\t\t\t<\/div>\n\t\t\t\t<\/div>\n\t\t\t\t\t<\/div>\n\t\t\t\t<\/div>\n\t\t<div class=\"elementor-element elementor-element-95a005f e-con-full e-flex elementor-invisible e-con e-parent\" data-id=\"95a005f\" data-element_type=\"container\" data-e-type=\"container\" data-settings=\"{&quot;background_background&quot;:&quot;classic&quot;,&quot;animation&quot;:&quot;fadeIn&quot;}\">\n\t\t\t\t<div class=\"elementor-element elementor-element-40c08e9 elementor-invisible elementor-widget elementor-widget-image\" data-id=\"40c08e9\" data-element_type=\"widget\" data-e-type=\"widget\" data-settings=\"{&quot;_animation&quot;:&quot;fadeInUp&quot;}\" data-widget_type=\"image.default\">\n\t\t\t\t\t\t\t\t\t\t\t\t\t\t\t<img decoding=\"async\" width=\"800\" height=\"188\" src=\"https:\/\/bodegasierraalmagrera.com\/wp-content\/uploads\/2026\/02\/foto-vendimia-2-1-1024x240.jpg\" class=\"attachment-large size-large wp-image-1747\" alt=\"\" srcset=\"https:\/\/bodegasierraalmagrera.com\/wp-content\/uploads\/2026\/02\/foto-vendimia-2-1-1024x240.jpg 1024w, https:\/\/bodegasierraalmagrera.com\/wp-content\/uploads\/2026\/02\/foto-vendimia-2-1-300x70.jpg 300w, https:\/\/bodegasierraalmagrera.com\/wp-content\/uploads\/2026\/02\/foto-vendimia-2-1-768x180.jpg 768w, https:\/\/bodegasierraalmagrera.com\/wp-content\/uploads\/2026\/02\/foto-vendimia-2-1-1536x360.jpg 1536w, https:\/\/bodegasierraalmagrera.com\/wp-content\/uploads\/2026\/02\/foto-vendimia-2-1.jpg 1920w\" sizes=\"(max-width: 800px) 100vw, 800px\" \/>\t\t\t\t\t\t\t\t\t\t\t\t\t\t\t<\/div>\n\t\t\t\t<\/div>\n\t\t<div class=\"elementor-element elementor-element-55f71a8 e-flex e-con-boxed e-con e-parent\" data-id=\"55f71a8\" data-element_type=\"container\" data-e-type=\"container\">\n\t\t\t\t\t<div class=\"e-con-inner\">\n\t\t\t\t<div class=\"elementor-element elementor-element-08def53 elementor-widget elementor-widget-heading\" data-id=\"08def53\" data-element_type=\"widget\" data-e-type=\"widget\" data-widget_type=\"heading.default\">\n\t\t\t\t\t<h2 class=\"elementor-heading-title elementor-size-default\"> <strong>EL ARGAR<\/strong>, eine ihrer Zeit voraus geeilte Zivilisation<\/h2>\t\t\t\t<\/div>\n\t\t\t\t<div class=\"elementor-element elementor-element-5fd3646 elementor-invisible elementor-widget elementor-widget-text-editor\" data-id=\"5fd3646\" data-element_type=\"widget\" data-e-type=\"widget\" data-settings=\"{&quot;_animation&quot;:&quot;fadeIn&quot;}\" data-widget_type=\"text-editor.default\">\n\t\t\t\t\t\t\t\t\t<p class=\"cvGsUA direction-ltr align-justify para-style-body\"><span class=\"a_GcMg font-feature-liga-off font-feature-clig-off font-feature-calt-off text-decoration-none text-strikethrough-none\">Die Ausgrabungsst\u00e4tte El Argar gibt der argarischen Kultur ihren Namen, die sich im S\u00fcdosten der Iberischen Halbinsel zwischen etwa 2200 und 1300 v. Chr. entwickelte und ihre Bl\u00fctezeit zwischen 1700 und 1300 v. Chr. erlebte. Diese Siedlung, die Ende des 19. Jahrhunderts vom Arch\u00e4ologen Luis Siret entdeckt und nahezu vollst\u00e4ndig ausgegraben wurde, offenbarte eine der raffiniertesten Gesellschaften des pr\u00e4historischen Europas.<\/span><\/p>\t\t\t\t\t\t\t\t<\/div>\n\t\t\t\t\t<\/div>\n\t\t\t\t<\/div>\n\t\t<div class=\"elementor-element elementor-element-8e3aa71 e-flex e-con-boxed e-con e-parent\" data-id=\"8e3aa71\" data-element_type=\"container\" data-e-type=\"container\">\n\t\t\t\t\t<div class=\"e-con-inner\">\n\t\t<div class=\"elementor-element elementor-element-5bdef61 e-con-full elementor-hidden-mobile e-flex e-con e-child\" data-id=\"5bdef61\" data-element_type=\"container\" data-e-type=\"container\" data-settings=\"{&quot;background_background&quot;:&quot;classic&quot;}\">\n\t\t\t\t<\/div>\n\t\t<div class=\"elementor-element elementor-element-6341564 e-con-full elementor-hidden-desktop elementor-hidden-tablet e-flex e-con e-child\" data-id=\"6341564\" data-element_type=\"container\" data-e-type=\"container\" data-settings=\"{&quot;background_background&quot;:&quot;classic&quot;}\">\n\t\t\t\t<\/div>\n\t\t<div class=\"elementor-element elementor-element-c21178a e-con-full e-flex e-con e-child\" data-id=\"c21178a\" data-element_type=\"container\" data-e-type=\"container\">\n\t\t\t\t<div class=\"elementor-element elementor-element-960ea3b elementor-widget-divider--view-line elementor-widget elementor-widget-divider\" data-id=\"960ea3b\" data-element_type=\"widget\" data-e-type=\"widget\" data-widget_type=\"divider.default\">\n\t\t\t\t\t\t\t<div class=\"elementor-divider\">\n\t\t\t<span class=\"elementor-divider-separator\">\n\t\t\t\t\t\t<\/span>\n\t\t<\/div>\n\t\t\t\t\t\t<\/div>\n\t\t\t\t<div class=\"elementor-element elementor-element-2656886 elementor-widget elementor-widget-heading\" data-id=\"2656886\" data-element_type=\"widget\" data-e-type=\"widget\" data-widget_type=\"heading.default\">\n\t\t\t\t\t<h2 class=\"elementor-heading-title elementor-size-default\"> <strong>ANTAS<\/strong>, das Herz \neines antiken Reiches<\/h2>\t\t\t\t<\/div>\n\t\t\t\t<div class=\"elementor-element elementor-element-aa5e127 elementor-invisible elementor-widget elementor-widget-text-editor\" data-id=\"aa5e127\" data-element_type=\"widget\" data-e-type=\"widget\" data-settings=\"{&quot;_animation&quot;:&quot;fadeIn&quot;}\" data-widget_type=\"text-editor.default\">\n\t\t\t\t\t\t\t\t\t<p><span class=\"a_GcMg font-feature-liga-off font-feature-clig-off font-feature-calt-off text-decoration-none text-strikethrough-none\">Am Fluss Antas gelegen, erstreckte sich der arch\u00e4ologische Komplex von El Argar und La Gerundia \u00fcber zwei strategische H\u00fcgel, die eine wahrhaft befestigte Stadt beherbergten. Dort entwickelte sich eine hierarchisch gegliederte Gesellschaft mit einer herrschenden Elite, einer auf Landwirtschaft, Viehzucht und Metallurgie basierenden Wirtschaft sowie einer f\u00fcr ihre Zeit fortschrittlichen st\u00e4dtischen Organisation. <\/span><\/p>\t\t\t\t\t\t\t\t<\/div>\n\t\t\t\t<\/div>\n\t\t\t\t\t<\/div>\n\t\t\t\t<\/div>\n\t\t<div class=\"elementor-element elementor-element-64ca015 e-flex e-con-boxed e-con e-parent\" data-id=\"64ca015\" data-element_type=\"container\" data-e-type=\"container\">\n\t\t\t\t\t<div class=\"e-con-inner\">\n\t\t<div class=\"elementor-element elementor-element-f032f26 e-con-full elementor-hidden-desktop elementor-hidden-tablet e-flex e-con e-child\" data-id=\"f032f26\" data-element_type=\"container\" data-e-type=\"container\" data-settings=\"{&quot;background_background&quot;:&quot;classic&quot;}\">\n\t\t\t\t<\/div>\n\t\t<div class=\"elementor-element elementor-element-79c70d6 e-con-full e-flex e-con e-child\" data-id=\"79c70d6\" data-element_type=\"container\" data-e-type=\"container\">\n\t\t\t\t<div class=\"elementor-element elementor-element-20729c1 elementor-widget-divider--view-line elementor-widget elementor-widget-divider\" data-id=\"20729c1\" data-element_type=\"widget\" data-e-type=\"widget\" data-widget_type=\"divider.default\">\n\t\t\t\t\t\t\t<div class=\"elementor-divider\">\n\t\t\t<span class=\"elementor-divider-separator\">\n\t\t\t\t\t\t<\/span>\n\t\t<\/div>\n\t\t\t\t\t\t<\/div>\n\t\t\t\t<div class=\"elementor-element elementor-element-a4797f3 elementor-widget elementor-widget-heading\" data-id=\"a4797f3\" data-element_type=\"widget\" data-e-type=\"widget\" data-widget_type=\"heading.default\">\n\t\t\t\t\t<h2 class=\"elementor-heading-title elementor-size-default\">Die argarische Kultur, eine fortschrittliche Gesellschaft der Bronzezeit<\/h2>\t\t\t\t<\/div>\n\t\t\t\t<div class=\"elementor-element elementor-element-b4cc0cf elementor-invisible elementor-widget elementor-widget-text-editor\" data-id=\"b4cc0cf\" data-element_type=\"widget\" data-e-type=\"widget\" data-settings=\"{&quot;_animation&quot;:&quot;fadeIn&quot;}\" data-widget_type=\"text-editor.default\">\n\t\t\t\t\t\t\t\t\t<p><span class=\"a_GcMg font-feature-liga-off font-feature-clig-off font-feature-calt-off text-decoration-none text-strikethrough-none\">Die argarische Kultur zeichnete sich durch ihre Beherrschung der Bronze aus, ein Wissen, das ihren Herrschern Macht verlieh und eine hierarchische Sozialstruktur definierte. Ihre aus Stein und Lehm erbauten und in Stra\u00dfen und Viertel gegliederten St\u00e4dte beherbergten Wohnh\u00e4user, Produktionsst\u00e4tten und \u00fcber tausend in die Mauern integrierte Grabst\u00e4tten. Diese Bestattungen, begleitet von Grabbeigaben und Nahrungsmitteln, offenbaren eine zutiefst organisierte Gesellschaft mit Glaubensvorstellungen an ein Leben nach dem Tod und einer klaren Unterscheidung zwischen den Eliten und der \u00fcbrigen Bev\u00f6lkerung.  <\/span><\/p>\t\t\t\t\t\t\t\t<\/div>\n\t\t\t\t<\/div>\n\t\t<div class=\"elementor-element elementor-element-94df599 e-con-full elementor-hidden-mobile e-flex e-con e-child\" data-id=\"94df599\" data-element_type=\"container\" data-e-type=\"container\" data-settings=\"{&quot;background_background&quot;:&quot;classic&quot;}\">\n\t\t\t\t<\/div>\n\t\t\t\t\t<\/div>\n\t\t\t\t<\/div>\n\t\t<div class=\"elementor-element elementor-element-f50bd6a e-flex e-con-boxed e-con e-parent\" data-id=\"f50bd6a\" data-element_type=\"container\" data-e-type=\"container\">\n\t\t\t\t\t<div class=\"e-con-inner\">\n\t\t\t\t<div class=\"elementor-element elementor-element-4148f24 elementor-widget elementor-widget-heading\" data-id=\"4148f24\" data-element_type=\"widget\" data-e-type=\"widget\" data-widget_type=\"heading.default\">\n\t\t\t\t\t<h2 class=\"elementor-heading-title elementor-size-default\"> <strong>ANTAS\u00ae<\/strong>, ein aus der Geschichte geborener Wein<\/h2>\t\t\t\t<\/div>\n\t\t\t\t<div class=\"elementor-element elementor-element-ba0a1ad elementor-invisible elementor-widget elementor-widget-text-editor\" data-id=\"ba0a1ad\" data-element_type=\"widget\" data-e-type=\"widget\" data-settings=\"{&quot;_animation&quot;:&quot;fadeIn&quot;}\" data-widget_type=\"text-editor.default\">\n\t\t\t\t\t\t\t\t\t<p class=\"cvGsUA direction-ltr align-justify para-style-body\"><span class=\"a_GcMg font-feature-liga-off font-feature-clig-off font-feature-calt-off text-decoration-none text-strikethrough-none\">Um dieser jahrtausendealten Kultur Tribut zu zollen, nennen wir unsere Weinreihe, die in diesen historischen Weinbergen erzeugt wird, ANTAS\u00ae. Insbesondere ANTAS\u00ae Garnacha, hergestellt aus 100 % Garnacha-Trauben, die ausschlie\u00dflich auf diesen B\u00f6den angebaut werden, ist ein einzigartiger Wein, der die Kraft, Eleganz und Tiefe eines Territoriums widerspiegelt, das die Wiege einer der ersten Zivilisationen Europas war. <\/span><\/p>\t\t\t\t\t\t\t\t<\/div>\n\t\t\t\t<div class=\"elementor-element elementor-element-e530db0 elementor-widget-divider--view-line elementor-widget elementor-widget-divider\" data-id=\"e530db0\" data-element_type=\"widget\" data-e-type=\"widget\" data-widget_type=\"divider.default\">\n\t\t\t\t\t\t\t<div class=\"elementor-divider\">\n\t\t\t<span class=\"elementor-divider-separator\">\n\t\t\t\t\t\t<\/span>\n\t\t<\/div>\n\t\t\t\t\t\t<\/div>\n\t\t\t\t\t<\/div>\n\t\t\t\t<\/div>\n\t\t<div class=\"elementor-element elementor-element-3e4c451 elementor-hidden-mobile e-flex e-con-boxed e-con e-parent\" data-id=\"3e4c451\" data-element_type=\"container\" data-e-type=\"container\" data-settings=\"{&quot;background_background&quot;:&quot;classic&quot;}\">\n\t\t\t\t\t<div class=\"e-con-inner\">\n\t\t<div class=\"elementor-element elementor-element-6a18a9d e-con-full e-flex elementor-invisible e-con e-child\" data-id=\"6a18a9d\" data-element_type=\"container\" data-e-type=\"container\" data-settings=\"{&quot;animation&quot;:&quot;fadeInLeft&quot;}\">\n\t\t\t\t<div class=\"elementor-element elementor-element-d532ab0 elementor-widget elementor-widget-image\" data-id=\"d532ab0\" data-element_type=\"widget\" data-e-type=\"widget\" data-widget_type=\"image.default\">\n\t\t\t\t\t\t\t\t\t\t\t\t\t\t\t<img decoding=\"async\" width=\"500\" height=\"500\" src=\"https:\/\/bodegasierraalmagrera.com\/wp-content\/uploads\/2026\/02\/corona-argarica-1.png\" class=\"attachment-large size-large wp-image-1750\" alt=\"corona arg\u00e1rica\" srcset=\"https:\/\/bodegasierraalmagrera.com\/wp-content\/uploads\/2026\/02\/corona-argarica-1.png 500w, https:\/\/bodegasierraalmagrera.com\/wp-content\/uploads\/2026\/02\/corona-argarica-1-300x300.png 300w, https:\/\/bodegasierraalmagrera.com\/wp-content\/uploads\/2026\/02\/corona-argarica-1-150x150.png 150w\" sizes=\"(max-width: 500px) 100vw, 500px\" \/>\t\t\t\t\t\t\t\t\t\t\t\t\t\t\t<\/div>\n\t\t\t\t<\/div>\n\t\t<div class=\"elementor-element elementor-element-99a863f e-con-full e-flex elementor-invisible e-con e-child\" data-id=\"99a863f\" data-element_type=\"container\" data-e-type=\"container\" data-settings=\"{&quot;animation&quot;:&quot;fadeIn&quot;}\">\n\t\t\t\t<div class=\"elementor-element elementor-element-88c98a9 elementor-widget elementor-widget-image\" data-id=\"88c98a9\" data-element_type=\"widget\" data-e-type=\"widget\" data-widget_type=\"image.default\">\n\t\t\t\t\t\t\t\t\t\t\t\t\t\t\t<img loading=\"lazy\" decoding=\"async\" width=\"400\" height=\"993\" src=\"https:\/\/bodegasierraalmagrera.com\/wp-content\/uploads\/2026\/02\/ANTASGarnachanuevo-1-1-1.png\" class=\"attachment-large size-large wp-image-1752\" alt=\"\" srcset=\"https:\/\/bodegasierraalmagrera.com\/wp-content\/uploads\/2026\/02\/ANTASGarnachanuevo-1-1-1.png 400w, https:\/\/bodegasierraalmagrera.com\/wp-content\/uploads\/2026\/02\/ANTASGarnachanuevo-1-1-1-121x300.png 121w\" sizes=\"(max-width: 400px) 100vw, 400px\" \/>\t\t\t\t\t\t\t\t\t\t\t\t\t\t\t<\/div>\n\t\t\t\t<\/div>\n\t\t<div class=\"elementor-element elementor-element-1507104 e-con-full e-flex elementor-invisible e-con e-child\" data-id=\"1507104\" data-element_type=\"container\" data-e-type=\"container\" data-settings=\"{&quot;animation&quot;:&quot;fadeIn&quot;}\">\n\t\t\t\t<div class=\"elementor-element elementor-element-957a5f0 elementor-widget elementor-widget-image\" data-id=\"957a5f0\" data-element_type=\"widget\" data-e-type=\"widget\" data-widget_type=\"image.default\">\n\t\t\t\t\t\t\t\t\t\t\t\t\t\t\t<img loading=\"lazy\" decoding=\"async\" width=\"400\" height=\"993\" src=\"https:\/\/bodegasierraalmagrera.com\/wp-content\/uploads\/2026\/02\/ANTASsyrahnuevo-1-1-1.png\" class=\"attachment-large size-large wp-image-1753\" alt=\"Antas Syrah Flasche\" srcset=\"https:\/\/bodegasierraalmagrera.com\/wp-content\/uploads\/2026\/02\/ANTASsyrahnuevo-1-1-1.png 400w, https:\/\/bodegasierraalmagrera.com\/wp-content\/uploads\/2026\/02\/ANTASsyrahnuevo-1-1-1-121x300.png 121w\" sizes=\"(max-width: 400px) 100vw, 400px\" \/>\t\t\t\t\t\t\t\t\t\t\t\t\t\t\t<\/div>\n\t\t\t\t<\/div>\n\t\t<div class=\"elementor-element elementor-element-bb0faf2 e-con-full e-flex elementor-invisible e-con e-child\" data-id=\"bb0faf2\" data-element_type=\"container\" data-e-type=\"container\" data-settings=\"{&quot;animation&quot;:&quot;fadeIn&quot;}\">\n\t\t\t\t<div class=\"elementor-element elementor-element-2f3ae80 elementor-widget elementor-widget-image\" data-id=\"2f3ae80\" data-element_type=\"widget\" data-e-type=\"widget\" data-widget_type=\"image.default\">\n\t\t\t\t\t\t\t\t\t\t\t\t\t\t\t<img loading=\"lazy\" decoding=\"async\" width=\"400\" height=\"993\" src=\"https:\/\/bodegasierraalmagrera.com\/wp-content\/uploads\/2026\/02\/ANTASpetitverdotnuevo-1-1-1.png\" class=\"attachment-large size-large wp-image-1754\" alt=\"\" srcset=\"https:\/\/bodegasierraalmagrera.com\/wp-content\/uploads\/2026\/02\/ANTASpetitverdotnuevo-1-1-1.png 400w, https:\/\/bodegasierraalmagrera.com\/wp-content\/uploads\/2026\/02\/ANTASpetitverdotnuevo-1-1-1-121x300.png 121w\" sizes=\"(max-width: 400px) 100vw, 400px\" \/>\t\t\t\t\t\t\t\t\t\t\t\t\t\t\t<\/div>\n\t\t\t\t<\/div>\n\t\t<div class=\"elementor-element elementor-element-fc5a5a2 e-con-full e-flex elementor-invisible e-con e-child\" data-id=\"fc5a5a2\" data-element_type=\"container\" data-e-type=\"container\" data-settings=\"{&quot;animation&quot;:&quot;fadeInRight&quot;}\">\n\t\t\t\t<div class=\"elementor-element elementor-element-ef9beac elementor-widget elementor-widget-image\" data-id=\"ef9beac\" data-element_type=\"widget\" data-e-type=\"widget\" data-widget_type=\"image.default\">\n\t\t\t\t\t\t\t\t\t\t\t\t\t\t\t<img loading=\"lazy\" decoding=\"async\" width=\"500\" height=\"500\" src=\"https:\/\/bodegasierraalmagrera.com\/wp-content\/uploads\/2026\/02\/copa-argarica-1.png\" class=\"attachment-large size-large wp-image-1751\" alt=\"copa arg\u00e1rica\" srcset=\"https:\/\/bodegasierraalmagrera.com\/wp-content\/uploads\/2026\/02\/copa-argarica-1.png 500w, https:\/\/bodegasierraalmagrera.com\/wp-content\/uploads\/2026\/02\/copa-argarica-1-300x300.png 300w, https:\/\/bodegasierraalmagrera.com\/wp-content\/uploads\/2026\/02\/copa-argarica-1-150x150.png 150w\" sizes=\"(max-width: 500px) 100vw, 500px\" \/>\t\t\t\t\t\t\t\t\t\t\t\t\t\t\t<\/div>\n\t\t\t\t<\/div>\n\t\t\t\t\t<\/div>\n\t\t\t\t<\/div>\n\t\t<div class=\"elementor-element elementor-element-e626849 elementor-hidden-desktop elementor-hidden-tablet e-flex e-con-boxed e-con e-parent\" data-id=\"e626849\" data-element_type=\"container\" data-e-type=\"container\" data-settings=\"{&quot;background_background&quot;:&quot;classic&quot;}\">\n\t\t\t\t\t<div class=\"e-con-inner\">\n\t\t<div class=\"elementor-element elementor-element-b2182a3 e-con-full e-flex elementor-invisible e-con e-child\" data-id=\"b2182a3\" data-element_type=\"container\" data-e-type=\"container\" data-settings=\"{&quot;animation&quot;:&quot;fadeInLeft&quot;}\">\n\t\t\t\t<div class=\"elementor-element elementor-element-87cc048 elementor-widget-mobile__width-initial elementor-widget elementor-widget-image\" data-id=\"87cc048\" data-element_type=\"widget\" data-e-type=\"widget\" data-widget_type=\"image.default\">\n\t\t\t\t\t\t\t\t\t\t\t\t\t\t\t<img decoding=\"async\" width=\"500\" height=\"500\" src=\"https:\/\/bodegasierraalmagrera.com\/wp-content\/uploads\/2026\/02\/corona-argarica-1.png\" class=\"attachment-large size-large wp-image-1750\" alt=\"corona arg\u00e1rica\" srcset=\"https:\/\/bodegasierraalmagrera.com\/wp-content\/uploads\/2026\/02\/corona-argarica-1.png 500w, https:\/\/bodegasierraalmagrera.com\/wp-content\/uploads\/2026\/02\/corona-argarica-1-300x300.png 300w, https:\/\/bodegasierraalmagrera.com\/wp-content\/uploads\/2026\/02\/corona-argarica-1-150x150.png 150w\" sizes=\"(max-width: 500px) 100vw, 500px\" \/>\t\t\t\t\t\t\t\t\t\t\t\t\t\t\t<\/div>\n\t\t\t\t<div class=\"elementor-element elementor-element-3d2fdd5 elementor-widget-mobile__width-initial elementor-widget elementor-widget-image\" data-id=\"3d2fdd5\" data-element_type=\"widget\" data-e-type=\"widget\" data-widget_type=\"image.default\">\n\t\t\t\t\t\t\t\t\t\t\t\t\t\t\t<img loading=\"lazy\" decoding=\"async\" width=\"400\" height=\"993\" src=\"https:\/\/bodegasierraalmagrera.com\/wp-content\/uploads\/2026\/02\/ANTASGarnachanuevo-1-1-1.png\" class=\"attachment-large size-large wp-image-1752\" alt=\"\" srcset=\"https:\/\/bodegasierraalmagrera.com\/wp-content\/uploads\/2026\/02\/ANTASGarnachanuevo-1-1-1.png 400w, https:\/\/bodegasierraalmagrera.com\/wp-content\/uploads\/2026\/02\/ANTASGarnachanuevo-1-1-1-121x300.png 121w\" sizes=\"(max-width: 400px) 100vw, 400px\" \/>\t\t\t\t\t\t\t\t\t\t\t\t\t\t\t<\/div>\n\t\t\t\t<div class=\"elementor-element elementor-element-0c5d2b5 elementor-widget-mobile__width-initial elementor-widget elementor-widget-image\" data-id=\"0c5d2b5\" data-element_type=\"widget\" data-e-type=\"widget\" data-widget_type=\"image.default\">\n\t\t\t\t\t\t\t\t\t\t\t\t\t\t\t<img loading=\"lazy\" decoding=\"async\" width=\"400\" height=\"993\" src=\"https:\/\/bodegasierraalmagrera.com\/wp-content\/uploads\/2026\/02\/ANTASsyrahnuevo-1-1-1.png\" class=\"attachment-large size-large wp-image-1753\" alt=\"Antas Syrah Flasche\" srcset=\"https:\/\/bodegasierraalmagrera.com\/wp-content\/uploads\/2026\/02\/ANTASsyrahnuevo-1-1-1.png 400w, https:\/\/bodegasierraalmagrera.com\/wp-content\/uploads\/2026\/02\/ANTASsyrahnuevo-1-1-1-121x300.png 121w\" sizes=\"(max-width: 400px) 100vw, 400px\" \/>\t\t\t\t\t\t\t\t\t\t\t\t\t\t\t<\/div>\n\t\t\t\t<div class=\"elementor-element elementor-element-6e86583 elementor-widget-mobile__width-initial elementor-widget elementor-widget-image\" data-id=\"6e86583\" data-element_type=\"widget\" data-e-type=\"widget\" data-widget_type=\"image.default\">\n\t\t\t\t\t\t\t\t\t\t\t\t\t\t\t<img loading=\"lazy\" decoding=\"async\" width=\"400\" height=\"993\" src=\"https:\/\/bodegasierraalmagrera.com\/wp-content\/uploads\/2026\/02\/ANTASpetitverdotnuevo-1-1-1.png\" class=\"attachment-large size-large wp-image-1754\" alt=\"\" srcset=\"https:\/\/bodegasierraalmagrera.com\/wp-content\/uploads\/2026\/02\/ANTASpetitverdotnuevo-1-1-1.png 400w, https:\/\/bodegasierraalmagrera.com\/wp-content\/uploads\/2026\/02\/ANTASpetitverdotnuevo-1-1-1-121x300.png 121w\" sizes=\"(max-width: 400px) 100vw, 400px\" \/>\t\t\t\t\t\t\t\t\t\t\t\t\t\t\t<\/div>\n\t\t\t\t<div class=\"elementor-element elementor-element-789aa62 elementor-widget-mobile__width-initial elementor-widget elementor-widget-image\" data-id=\"789aa62\" data-element_type=\"widget\" data-e-type=\"widget\" data-widget_type=\"image.default\">\n\t\t\t\t\t\t\t\t\t\t\t\t\t\t\t<img loading=\"lazy\" decoding=\"async\" width=\"500\" height=\"500\" src=\"https:\/\/bodegasierraalmagrera.com\/wp-content\/uploads\/2026\/02\/copa-argarica-1.png\" class=\"attachment-large size-large wp-image-1751\" alt=\"copa arg\u00e1rica\" srcset=\"https:\/\/bodegasierraalmagrera.com\/wp-content\/uploads\/2026\/02\/copa-argarica-1.png 500w, https:\/\/bodegasierraalmagrera.com\/wp-content\/uploads\/2026\/02\/copa-argarica-1-300x300.png 300w, https:\/\/bodegasierraalmagrera.com\/wp-content\/uploads\/2026\/02\/copa-argarica-1-150x150.png 150w\" sizes=\"(max-width: 500px) 100vw, 500px\" \/>\t\t\t\t\t\t\t\t\t\t\t\t\t\t\t<\/div>\n\t\t\t\t<\/div>\n\t\t\t\t\t<\/div>\n\t\t\t\t<\/div>\n\t\t<div class=\"elementor-element elementor-element-e5b8c00 e-flex e-con-boxed e-con e-parent\" data-id=\"e5b8c00\" data-element_type=\"container\" data-e-type=\"container\">\n\t\t\t\t\t<div class=\"e-con-inner\">\n\t\t\t\t<div class=\"elementor-element elementor-element-edbb8b9 elementor-invisible elementor-widget elementor-widget-text-editor\" data-id=\"edbb8b9\" data-element_type=\"widget\" data-e-type=\"widget\" data-settings=\"{&quot;_animation&quot;:&quot;fadeIn&quot;}\" data-widget_type=\"text-editor.default\">\n\t\t\t\t\t\t\t\t\t<p class=\"cvGsUA direction-ltr align-justify para-style-body\">Jeder Wein von <strong data-start=\"125\" data-end=\"134\">Antas<\/strong> w\u00fcrdigt die argarische Kultur, indem er auf seinem Etikett eines ihrer repr\u00e4sentativsten Symbole tr\u00e4gt. <strong data-start=\"241\" data-end=\"259\">Antas Garnacha<\/strong> zeigt das argarische Diadem, Symbol f\u00fcr Macht und Status; <strong data-start=\"316\" data-end=\"331\">Antas Syrah<\/strong> pr\u00e4sentiert den argarischen Becher, verbunden mit Ritual und sozialem Leben; und <strong data-start=\"399\" data-end=\"421\">Antas Petit Verdot<\/strong> tr\u00e4gt die Hellebarde oder Balarda, Emblem der milit\u00e4rischen Macht in dieser antiken Zivilisation des S\u00fcdostens der Iberischen Halbinsel.<\/p>\t\t\t\t\t\t\t\t<\/div>\n\t\t\t\t<div class=\"elementor-element elementor-element-1fa1bf0 elementor-widget elementor-widget-heading\" data-id=\"1fa1bf0\" data-element_type=\"widget\" data-e-type=\"widget\" data-widget_type=\"heading.default\">\n\t\t\t\t\t<h2 class=\"elementor-heading-title elementor-size-default\">Fl\u00fcssiger Tribut an El Argar, an Antas und an ein Erbe, das in jedem Glas weiterlebt.<\/h2>\t\t\t\t<\/div>\n\t\t\t\t\t<\/div>\n\t\t\t\t<\/div>\n\t\t\t\t<\/div>\n\t\t","protected":false},"excerpt":{"rendered":"<p>EL ARGAR EL ARGAR, DER URSPRUNG DER ANTAS-WEINE In Antas, Almer\u00eda, befindet sich eine der bedeutendsten arch\u00e4ologischen St\u00e4tten Europas: El Argar, Wiege einer der fortschrittlichsten Kulturen der Bronzezeit. In derselben Landschaft, in der vor \u00fcber viertausend Jahren eine m\u00e4chtige Zivilisation bl\u00fchte, gedeihen heute einige der au\u00dfergew\u00f6hnlichsten Weinberge der Bodega Sierra Almagrera und erwecken die ANTAS\u00ae-Weine [&hellip;]<\/p>\n","protected":false},"author":2,"featured_media":0,"parent":0,"menu_order":0,"comment_status":"closed","ping_status":"closed","template":"","meta":{"footnotes":""},"class_list":["post-1744","page","type-page","status-publish","hentry"],"yoast_head":"<!-- This site is optimized with the Yoast SEO plugin v27.0 - https:\/\/yoast.com\/product\/yoast-seo-wordpress\/ -->\n<title>El Argar und unsere Wurzeln | Bodega Sierra Almagrera<\/title>\n<meta name=\"description\" content=\"Die Kultur von El Argar ist Teil der Identit\u00e4t von Sierra Almagrera, ein historisches Erbe, das die Essenz und den Charakter unserer Weine inspiriert.\" \/>\n<meta name=\"robots\" content=\"index, follow, max-snippet:-1, max-image-preview:large, max-video-preview:-1\" \/>\n<link rel=\"canonical\" href=\"https:\/\/bodegasierraalmagrera.com\/de\/el-argar\/\" \/>\n<meta property=\"og:locale\" content=\"de_DE\" \/>\n<meta property=\"og:type\" content=\"article\" \/>\n<meta property=\"og:title\" content=\"El Argar und unsere Wurzeln | Bodega Sierra Almagrera\" \/>\n<meta property=\"og:description\" content=\"Die Kultur von El Argar ist Teil der Identit\u00e4t von Sierra Almagrera, ein historisches Erbe, das die Essenz und den Charakter unserer Weine inspiriert.\" \/>\n<meta property=\"og:url\" content=\"https:\/\/bodegasierraalmagrera.com\/de\/el-argar\/\" \/>\n<meta property=\"og:site_name\" content=\"Bodega Sierra Almagrera\" \/>\n<meta property=\"article:modified_time\" content=\"2026-03-10T17:36:03+00:00\" \/>\n<meta property=\"og:image\" content=\"https:\/\/bodegasierraalmagrera.com\/wp-content\/uploads\/2026\/02\/el-argar.jpg\" \/>\n\t<meta property=\"og:image:width\" content=\"500\" \/>\n\t<meta property=\"og:image:height\" content=\"500\" \/>\n\t<meta property=\"og:image:type\" content=\"image\/jpeg\" \/>\n<meta name=\"twitter:card\" content=\"summary_large_image\" \/>\n<meta name=\"twitter:label1\" content=\"Gesch\u00e4tzte Lesezeit\" \/>\n\t<meta name=\"twitter:data1\" content=\"2\u00a0Minuten\" \/>\n<script type=\"application\/ld+json\" class=\"yoast-schema-graph\">{\"@context\":\"https:\/\/schema.org\",\"@graph\":[{\"@type\":\"WebPage\",\"@id\":\"https:\/\/bodegasierraalmagrera.com\/de\/el-argar\/\",\"url\":\"https:\/\/bodegasierraalmagrera.com\/de\/el-argar\/\",\"name\":\"El Argar und unsere Wurzeln | Bodega Sierra Almagrera\",\"isPartOf\":{\"@id\":\"https:\/\/bodegasierraalmagrera.com\/de\/#website\"},\"primaryImageOfPage\":{\"@id\":\"https:\/\/bodegasierraalmagrera.com\/de\/el-argar\/#primaryimage\"},\"image\":{\"@id\":\"https:\/\/bodegasierraalmagrera.com\/de\/el-argar\/#primaryimage\"},\"thumbnailUrl\":\"https:\/\/bodegasierraalmagrera.com\/wp-content\/uploads\/2026\/02\/el-argar.jpg\",\"datePublished\":\"2026-02-20T19:21:55+00:00\",\"dateModified\":\"2026-03-10T17:36:03+00:00\",\"description\":\"Die Kultur von El Argar ist Teil der Identit\u00e4t von Sierra Almagrera, ein historisches Erbe, das die Essenz und den Charakter unserer Weine inspiriert.\",\"breadcrumb\":{\"@id\":\"https:\/\/bodegasierraalmagrera.com\/de\/el-argar\/#breadcrumb\"},\"inLanguage\":\"de\",\"potentialAction\":[{\"@type\":\"ReadAction\",\"target\":[\"https:\/\/bodegasierraalmagrera.com\/de\/el-argar\/\"]}]},{\"@type\":\"ImageObject\",\"inLanguage\":\"de\",\"@id\":\"https:\/\/bodegasierraalmagrera.com\/de\/el-argar\/#primaryimage\",\"url\":\"https:\/\/bodegasierraalmagrera.com\/wp-content\/uploads\/2026\/02\/el-argar.jpg\",\"contentUrl\":\"https:\/\/bodegasierraalmagrera.com\/wp-content\/uploads\/2026\/02\/el-argar.jpg\"},{\"@type\":\"BreadcrumbList\",\"@id\":\"https:\/\/bodegasierraalmagrera.com\/de\/el-argar\/#breadcrumb\",\"itemListElement\":[{\"@type\":\"ListItem\",\"position\":1,\"name\":\"Home\",\"item\":\"https:\/\/bodegasierraalmagrera.com\/de\/startseite\/\"},{\"@type\":\"ListItem\",\"position\":2,\"name\":\"El Argar\"}]},{\"@type\":\"WebSite\",\"@id\":\"https:\/\/bodegasierraalmagrera.com\/de\/#website\",\"url\":\"https:\/\/bodegasierraalmagrera.com\/de\/\",\"name\":\"Bodega Sierra Almagrera\",\"description\":\"\",\"publisher\":{\"@id\":\"https:\/\/bodegasierraalmagrera.com\/de\/#organization\"},\"potentialAction\":[{\"@type\":\"SearchAction\",\"target\":{\"@type\":\"EntryPoint\",\"urlTemplate\":\"https:\/\/bodegasierraalmagrera.com\/de\/?s={search_term_string}\"},\"query-input\":{\"@type\":\"PropertyValueSpecification\",\"valueRequired\":true,\"valueName\":\"search_term_string\"}}],\"inLanguage\":\"de\"},{\"@type\":\"Organization\",\"@id\":\"https:\/\/bodegasierraalmagrera.com\/de\/#organization\",\"name\":\"Bodega Sierra Almagrera\",\"url\":\"https:\/\/bodegasierraalmagrera.com\/de\/\",\"logo\":{\"@type\":\"ImageObject\",\"inLanguage\":\"de\",\"@id\":\"https:\/\/bodegasierraalmagrera.com\/de\/#\/schema\/logo\/image\/\",\"url\":\"https:\/\/bodegasierraalmagrera.com\/wp-content\/uploads\/2026\/02\/bodega-sierra-almagrera-fondo-transparente-2-1.png\",\"contentUrl\":\"https:\/\/bodegasierraalmagrera.com\/wp-content\/uploads\/2026\/02\/bodega-sierra-almagrera-fondo-transparente-2-1.png\",\"width\":500,\"height\":150,\"caption\":\"Bodega Sierra Almagrera\"},\"image\":{\"@id\":\"https:\/\/bodegasierraalmagrera.com\/de\/#\/schema\/logo\/image\/\"}}]}<\/script>\n<!-- \/ Yoast SEO plugin. -->","yoast_head_json":{"title":"El Argar und unsere Wurzeln | Bodega Sierra Almagrera","description":"Die Kultur von El Argar ist Teil der Identit\u00e4t von Sierra Almagrera, ein historisches Erbe, das die Essenz und den Charakter unserer Weine inspiriert.","robots":{"index":"index","follow":"follow","max-snippet":"max-snippet:-1","max-image-preview":"max-image-preview:large","max-video-preview":"max-video-preview:-1"},"canonical":"https:\/\/bodegasierraalmagrera.com\/de\/el-argar\/","og_locale":"de_DE","og_type":"article","og_title":"El Argar und unsere Wurzeln | Bodega Sierra Almagrera","og_description":"Die Kultur von El Argar ist Teil der Identit\u00e4t von Sierra Almagrera, ein historisches Erbe, das die Essenz und den Charakter unserer Weine inspiriert.","og_url":"https:\/\/bodegasierraalmagrera.com\/de\/el-argar\/","og_site_name":"Bodega Sierra Almagrera","article_modified_time":"2026-03-10T17:36:03+00:00","og_image":[{"width":500,"height":500,"url":"https:\/\/bodegasierraalmagrera.com\/wp-content\/uploads\/2026\/02\/el-argar.jpg","type":"image\/jpeg"}],"twitter_card":"summary_large_image","twitter_misc":{"Gesch\u00e4tzte Lesezeit":"2\u00a0Minuten"},"schema":{"@context":"https:\/\/schema.org","@graph":[{"@type":"WebPage","@id":"https:\/\/bodegasierraalmagrera.com\/de\/el-argar\/","url":"https:\/\/bodegasierraalmagrera.com\/de\/el-argar\/","name":"El Argar und unsere Wurzeln | Bodega Sierra Almagrera","isPartOf":{"@id":"https:\/\/bodegasierraalmagrera.com\/de\/#website"},"primaryImageOfPage":{"@id":"https:\/\/bodegasierraalmagrera.com\/de\/el-argar\/#primaryimage"},"image":{"@id":"https:\/\/bodegasierraalmagrera.com\/de\/el-argar\/#primaryimage"},"thumbnailUrl":"https:\/\/bodegasierraalmagrera.com\/wp-content\/uploads\/2026\/02\/el-argar.jpg","datePublished":"2026-02-20T19:21:55+00:00","dateModified":"2026-03-10T17:36:03+00:00","description":"Die Kultur von El Argar ist Teil der Identit\u00e4t von Sierra Almagrera, ein historisches Erbe, das die Essenz und den Charakter unserer Weine inspiriert.","breadcrumb":{"@id":"https:\/\/bodegasierraalmagrera.com\/de\/el-argar\/#breadcrumb"},"inLanguage":"de","potentialAction":[{"@type":"ReadAction","target":["https:\/\/bodegasierraalmagrera.com\/de\/el-argar\/"]}]},{"@type":"ImageObject","inLanguage":"de","@id":"https:\/\/bodegasierraalmagrera.com\/de\/el-argar\/#primaryimage","url":"https:\/\/bodegasierraalmagrera.com\/wp-content\/uploads\/2026\/02\/el-argar.jpg","contentUrl":"https:\/\/bodegasierraalmagrera.com\/wp-content\/uploads\/2026\/02\/el-argar.jpg"},{"@type":"BreadcrumbList","@id":"https:\/\/bodegasierraalmagrera.com\/de\/el-argar\/#breadcrumb","itemListElement":[{"@type":"ListItem","position":1,"name":"Home","item":"https:\/\/bodegasierraalmagrera.com\/de\/startseite\/"},{"@type":"ListItem","position":2,"name":"El Argar"}]},{"@type":"WebSite","@id":"https:\/\/bodegasierraalmagrera.com\/de\/#website","url":"https:\/\/bodegasierraalmagrera.com\/de\/","name":"Bodega Sierra Almagrera","description":"","publisher":{"@id":"https:\/\/bodegasierraalmagrera.com\/de\/#organization"},"potentialAction":[{"@type":"SearchAction","target":{"@type":"EntryPoint","urlTemplate":"https:\/\/bodegasierraalmagrera.com\/de\/?s={search_term_string}"},"query-input":{"@type":"PropertyValueSpecification","valueRequired":true,"valueName":"search_term_string"}}],"inLanguage":"de"},{"@type":"Organization","@id":"https:\/\/bodegasierraalmagrera.com\/de\/#organization","name":"Bodega Sierra Almagrera","url":"https:\/\/bodegasierraalmagrera.com\/de\/","logo":{"@type":"ImageObject","inLanguage":"de","@id":"https:\/\/bodegasierraalmagrera.com\/de\/#\/schema\/logo\/image\/","url":"https:\/\/bodegasierraalmagrera.com\/wp-content\/uploads\/2026\/02\/bodega-sierra-almagrera-fondo-transparente-2-1.png","contentUrl":"https:\/\/bodegasierraalmagrera.com\/wp-content\/uploads\/2026\/02\/bodega-sierra-almagrera-fondo-transparente-2-1.png","width":500,"height":150,"caption":"Bodega Sierra Almagrera"},"image":{"@id":"https:\/\/bodegasierraalmagrera.com\/de\/#\/schema\/logo\/image\/"}}]}},"_links":{"self":[{"href":"https:\/\/bodegasierraalmagrera.com\/de\/wp-json\/wp\/v2\/pages\/1744","targetHints":{"allow":["GET"]}}],"collection":[{"href":"https:\/\/bodegasierraalmagrera.com\/de\/wp-json\/wp\/v2\/pages"}],"about":[{"href":"https:\/\/bodegasierraalmagrera.com\/de\/wp-json\/wp\/v2\/types\/page"}],"author":[{"embeddable":true,"href":"https:\/\/bodegasierraalmagrera.com\/de\/wp-json\/wp\/v2\/users\/2"}],"replies":[{"embeddable":true,"href":"https:\/\/bodegasierraalmagrera.com\/de\/wp-json\/wp\/v2\/comments?post=1744"}],"version-history":[{"count":1,"href":"https:\/\/bodegasierraalmagrera.com\/de\/wp-json\/wp\/v2\/pages\/1744\/revisions"}],"predecessor-version":[{"id":1756,"href":"https:\/\/bodegasierraalmagrera.com\/de\/wp-json\/wp\/v2\/pages\/1744\/revisions\/1756"}],"wp:attachment":[{"href":"https:\/\/bodegasierraalmagrera.com\/de\/wp-json\/wp\/v2\/media?parent=1744"}],"curies":[{"name":"wp","href":"https:\/\/api.w.org\/{rel}","templated":true}]}}