{"id":1794,"date":"2026-02-20T19:20:17","date_gmt":"2026-02-20T19:20:17","guid":{"rendered":"https:\/\/bodegasierraalmagrera.com\/ueber-uns\/"},"modified":"2026-03-10T17:39:00","modified_gmt":"2026-03-10T17:39:00","slug":"ueber-uns","status":"publish","type":"page","link":"https:\/\/bodegasierraalmagrera.com\/de\/ueber-uns\/","title":{"rendered":"\u00dcber uns"},"content":{"rendered":"\t\t<div data-elementor-type=\"wp-page\" data-elementor-id=\"1794\" class=\"elementor elementor-1794 elementor-27\" data-elementor-post-type=\"page\">\n\t\t\t\t<div class=\"elementor-element elementor-element-43cf729 e-con-full e-flex e-con e-parent\" data-id=\"43cf729\" data-element_type=\"container\" data-e-type=\"container\" data-settings=\"{&quot;background_background&quot;:&quot;classic&quot;}\">\n\t\t\t\t<div class=\"elementor-element elementor-element-1264ada elementor-widget elementor-widget-heading\" data-id=\"1264ada\" data-element_type=\"widget\" data-e-type=\"widget\" data-widget_type=\"heading.default\">\n\t\t\t\t\t<h1 class=\"elementor-heading-title elementor-size-default\">\u00dcBER UNS<\/h1>\t\t\t\t<\/div>\n\t\t\t\t<\/div>\n\t\t<div class=\"elementor-element elementor-element-c0aebde e-flex e-con-boxed e-con e-parent\" data-id=\"c0aebde\" data-element_type=\"container\" data-e-type=\"container\" data-settings=\"{&quot;background_background&quot;:&quot;classic&quot;}\">\n\t\t\t\t\t<div class=\"e-con-inner\">\n\t\t<div class=\"elementor-element elementor-element-a7da885 e-con-full e-flex elementor-invisible e-con e-child\" data-id=\"a7da885\" data-element_type=\"container\" data-e-type=\"container\" data-settings=\"{&quot;animation&quot;:&quot;fadeInLeft&quot;}\">\n\t\t\t\t<div class=\"elementor-element elementor-element-4d549be elementor-widget elementor-widget-heading\" data-id=\"4d549be\" data-element_type=\"widget\" data-e-type=\"widget\" data-widget_type=\"heading.default\">\n\t\t\t\t\t<h2 class=\"elementor-heading-title elementor-size-default\">Spanisches Weingut mit Tradition<\/h2>\t\t\t\t<\/div>\n\t\t\t\t<div class=\"elementor-element elementor-element-41938cb elementor-widget elementor-widget-text-editor\" data-id=\"41938cb\" data-element_type=\"widget\" data-e-type=\"widget\" data-widget_type=\"text-editor.default\">\n\t\t\t\t\t\t\t\t\t<p>Die Bodega Sierra Almagrera ist das Ergebnis von mehr als zwei Jahrzehnten Leidenschaft, Vision und Arbeit, um Weine zu kreieren, die die tiefe Identit\u00e4t des Levante von Almer\u00eda widerspiegeln. Von unseren Weinbergen in Burjul\u00fa, in der Gemeinde Cuevas del Almanzora (Almer\u00eda), erzeugen wir Weine, die aus einem extremen Terroir, einer jahrtausendealten Tradition und einer Auffassung von Wein als Kultur \u2013 nicht nur als Produkt \u2013 entstehen. <\/p>\t\t\t\t\t\t\t\t<\/div>\n\t\t<div class=\"elementor-element elementor-element-4265b06 e-con-full elementor-hidden-desktop elementor-hidden-tablet e-flex elementor-invisible e-con e-child\" data-id=\"4265b06\" data-element_type=\"container\" data-e-type=\"container\" data-settings=\"{&quot;animation&quot;:&quot;fadeIn&quot;}\">\n\t\t\t\t<div class=\"elementor-element elementor-element-1779c0c elementor-widget elementor-widget-image\" data-id=\"1779c0c\" data-element_type=\"widget\" data-e-type=\"widget\" data-widget_type=\"image.default\">\n\t\t\t\t\t\t\t\t\t\t\t\t\t\t\t<img fetchpriority=\"high\" decoding=\"async\" width=\"500\" height=\"625\" src=\"https:\/\/bodegasierraalmagrera.com\/wp-content\/uploads\/2026\/02\/quienes-somos-2-1-1.jpg\" class=\"attachment-large size-large wp-image-1796\" alt=\"\" srcset=\"https:\/\/bodegasierraalmagrera.com\/wp-content\/uploads\/2026\/02\/quienes-somos-2-1-1.jpg 500w, https:\/\/bodegasierraalmagrera.com\/wp-content\/uploads\/2026\/02\/quienes-somos-2-1-1-240x300.jpg 240w\" sizes=\"(max-width: 500px) 100vw, 500px\" \/>\t\t\t\t\t\t\t\t\t\t\t\t\t\t\t<\/div>\n\t\t\t\t<\/div>\n\t\t\t\t<\/div>\n\t\t<div class=\"elementor-element elementor-element-19d4699 e-con-full elementor-hidden-mobile e-flex elementor-invisible e-con e-child\" data-id=\"19d4699\" data-element_type=\"container\" data-e-type=\"container\" data-settings=\"{&quot;animation&quot;:&quot;fadeIn&quot;}\">\n\t\t\t\t<div class=\"elementor-element elementor-element-e6c1def elementor-widget elementor-widget-image\" data-id=\"e6c1def\" data-element_type=\"widget\" data-e-type=\"widget\" data-widget_type=\"image.default\">\n\t\t\t\t\t\t\t\t\t\t\t\t\t\t\t<img fetchpriority=\"high\" decoding=\"async\" width=\"500\" height=\"625\" src=\"https:\/\/bodegasierraalmagrera.com\/wp-content\/uploads\/2026\/02\/quienes-somos-2-1-1.jpg\" class=\"attachment-large size-large wp-image-1796\" alt=\"\" srcset=\"https:\/\/bodegasierraalmagrera.com\/wp-content\/uploads\/2026\/02\/quienes-somos-2-1-1.jpg 500w, https:\/\/bodegasierraalmagrera.com\/wp-content\/uploads\/2026\/02\/quienes-somos-2-1-1-240x300.jpg 240w\" sizes=\"(max-width: 500px) 100vw, 500px\" \/>\t\t\t\t\t\t\t\t\t\t\t\t\t\t\t<\/div>\n\t\t\t\t<\/div>\n\t\t\t\t\t<\/div>\n\t\t\t\t<\/div>\n\t\t<div class=\"elementor-element elementor-element-3ba5792 e-con-full e-flex elementor-invisible e-con e-parent\" data-id=\"3ba5792\" data-element_type=\"container\" data-e-type=\"container\" data-settings=\"{&quot;background_background&quot;:&quot;classic&quot;,&quot;animation&quot;:&quot;fadeIn&quot;}\">\n\t\t\t\t<div class=\"elementor-element elementor-element-2f3eafa elementor-invisible elementor-widget elementor-widget-image\" data-id=\"2f3eafa\" data-element_type=\"widget\" data-e-type=\"widget\" data-settings=\"{&quot;_animation&quot;:&quot;fadeInUp&quot;}\" data-widget_type=\"image.default\">\n\t\t\t\t\t\t\t\t\t\t\t\t\t\t\t<img decoding=\"async\" width=\"800\" height=\"188\" src=\"https:\/\/bodegasierraalmagrera.com\/wp-content\/uploads\/2026\/02\/foto-vendimia-1-1024x240.jpg\" class=\"attachment-large size-large wp-image-1797\" alt=\"Foto Weinlese\" srcset=\"https:\/\/bodegasierraalmagrera.com\/wp-content\/uploads\/2026\/02\/foto-vendimia-1-1024x240.jpg 1024w, https:\/\/bodegasierraalmagrera.com\/wp-content\/uploads\/2026\/02\/foto-vendimia-1-300x70.jpg 300w, https:\/\/bodegasierraalmagrera.com\/wp-content\/uploads\/2026\/02\/foto-vendimia-1-768x180.jpg 768w, https:\/\/bodegasierraalmagrera.com\/wp-content\/uploads\/2026\/02\/foto-vendimia-1-1536x360.jpg 1536w, https:\/\/bodegasierraalmagrera.com\/wp-content\/uploads\/2026\/02\/foto-vendimia-1.jpg 1920w\" sizes=\"(max-width: 800px) 100vw, 800px\" \/>\t\t\t\t\t\t\t\t\t\t\t\t\t\t\t<\/div>\n\t\t\t\t<\/div>\n\t\t<div class=\"elementor-element elementor-element-94c774a e-flex e-con-boxed e-con e-parent\" data-id=\"94c774a\" data-element_type=\"container\" data-e-type=\"container\">\n\t\t\t\t\t<div class=\"e-con-inner\">\n\t\t<div class=\"elementor-element elementor-element-f912e2f e-con-full e-flex elementor-invisible e-con e-child\" data-id=\"f912e2f\" data-element_type=\"container\" data-e-type=\"container\" data-settings=\"{&quot;animation&quot;:&quot;fadeIn&quot;}\">\n\t\t\t\t<div class=\"elementor-element elementor-element-075dc28 elementor-widget elementor-widget-heading\" data-id=\"075dc28\" data-element_type=\"widget\" data-e-type=\"widget\" data-widget_type=\"heading.default\">\n\t\t\t\t\t<h2 class=\"elementor-heading-title elementor-size-default\">UNSERE <strong>GESCHICHTE<\/strong><\/h2>\t\t\t\t<\/div>\n\t\t\t\t<\/div>\n\t\t<div class=\"elementor-element elementor-element-74e1602 e-con-full e-flex e-con e-child\" data-id=\"74e1602\" data-element_type=\"container\" data-e-type=\"container\">\n\t\t\t\t<div class=\"elementor-element elementor-element-ed905d7 elementor-invisible elementor-widget elementor-widget-text-editor\" data-id=\"ed905d7\" data-element_type=\"widget\" data-e-type=\"widget\" data-settings=\"{&quot;_animation&quot;:&quot;fadeIn&quot;}\" data-widget_type=\"text-editor.default\">\n\t\t\t\t\t\t\t\t\t<p class=\"cvGsUA direction-ltr align-justify para-style-body\"><span class=\"a_GcMg font-feature-liga-off font-feature-clig-off font-feature-calt-off text-decoration-none text-strikethrough-none\">Die Geschichte beginnt vor fast einem halben Jahrhundert in einer kleinen Garage in Melbourne, wo der Gr\u00fcnder Jos\u00e9 Miguel Garc\u00eda gemeinsam mit seiner Familie und seinem Mentor seine ersten Weine kreierte. Dieser handwerkliche und forschende Geist f\u00fchrte ihn schlie\u00dflich 2003 in den Levante von Almer\u00eda, wo er ein extremes, aber vielversprechendes Terroir entdeckte. <\/span><\/p><p class=\"cvGsUA direction-ltr align-justify para-style-body\"><span class=\"a_GcMg font-feature-liga-off font-feature-clig-off font-feature-calt-off text-decoration-none text-strikethrough-none\">Nach Jahren der Arbeit, der Erforschung des Terroirs und der Bodenvorbereitung entstand die Bodega Sierra Almagrera \u2013 ein au\u00dfergew\u00f6hnliches Projekt, inspiriert von der Kultur, der Geschichte und dem Charakter Almer\u00edas.<\/span><\/p>\t\t\t\t\t\t\t\t<\/div>\n\t\t\t\t<\/div>\n\t\t\t\t\t<\/div>\n\t\t\t\t<\/div>\n\t\t<div class=\"elementor-element elementor-element-f6efaf2 e-flex e-con-boxed e-con e-parent\" data-id=\"f6efaf2\" data-element_type=\"container\" data-e-type=\"container\" data-settings=\"{&quot;background_background&quot;:&quot;classic&quot;}\">\n\t\t\t\t\t<div class=\"e-con-inner\">\n\t\t\t\t<div class=\"elementor-element elementor-element-feaa873 elementor-invisible elementor-widget elementor-widget-heading\" data-id=\"feaa873\" data-element_type=\"widget\" data-e-type=\"widget\" data-settings=\"{&quot;_animation&quot;:&quot;fadeIn&quot;}\" data-widget_type=\"heading.default\">\n\t\t\t\t\t<h2 class=\"elementor-heading-title elementor-size-default\">UNSER <strong>TEAM<\/strong><\/h2>\t\t\t\t<\/div>\n\t\t\t\t\t<\/div>\n\t\t\t\t<\/div>\n\t\t<div class=\"elementor-element elementor-element-3d56586 elementor-hidden-mobile e-flex e-con-boxed e-con e-parent\" data-id=\"3d56586\" data-element_type=\"container\" data-e-type=\"container\" data-settings=\"{&quot;background_background&quot;:&quot;classic&quot;}\">\n\t\t\t\t\t<div class=\"e-con-inner\">\n\t\t<div class=\"elementor-element elementor-element-d6f7b99 e-con-full e-flex elementor-invisible e-con e-child\" data-id=\"d6f7b99\" data-element_type=\"container\" data-e-type=\"container\" data-settings=\"{&quot;background_background&quot;:&quot;classic&quot;,&quot;animation&quot;:&quot;fadeInLeft&quot;}\">\n\t\t\t\t<div class=\"elementor-element elementor-element-c5eb389 elementor-widget elementor-widget-heading\" data-id=\"c5eb389\" data-element_type=\"widget\" data-e-type=\"widget\" data-widget_type=\"heading.default\">\n\t\t\t\t\t<h2 class=\"elementor-heading-title elementor-size-default\">JOS\u00c9 MIGUEL <strong>GARC\u00cdA<\/strong><\/h2>\t\t\t\t<\/div>\n\t\t\t\t<div class=\"elementor-element elementor-element-c198f94 elementor-widget__width-initial elementor-widget elementor-widget-text-editor\" data-id=\"c198f94\" data-element_type=\"widget\" data-e-type=\"widget\" data-widget_type=\"text-editor.default\">\n\t\t\t\t\t\t\t\t\t<p><span class=\"a_GcMg font-feature-liga-off font-feature-clig-off font-feature-calt-off text-decoration-none text-strikethrough-none\">Gr\u00fcnder<\/span><\/p>\t\t\t\t\t\t\t\t<\/div>\n\t\t\t\t<div class=\"elementor-element elementor-element-43af882 elementor-widget__width-initial elementor-widget elementor-widget-text-editor\" data-id=\"43af882\" data-element_type=\"widget\" data-e-type=\"widget\" data-widget_type=\"text-editor.default\">\n\t\t\t\t\t\t\t\t\t<p><span class=\"a_GcMg font-feature-liga-off font-feature-clig-off font-feature-calt-off text-decoration-none text-strikethrough-none\">Als Vision\u00e4r und Weinliebhaber ist Jos\u00e9 Miguel Garc\u00eda die Seele der Bodega Sierra Almagrera. Seine internationale Laufbahn und sein tiefer Respekt f\u00fcr das Land haben ein Projekt geformt, das Tradition, Innovation und eigenen Charakter vereint. <\/span><\/p>\t\t\t\t\t\t\t\t<\/div>\n\t\t\t\t<\/div>\n\t\t<div class=\"elementor-element elementor-element-768309c e-con-full e-flex elementor-invisible e-con e-child\" data-id=\"768309c\" data-element_type=\"container\" data-e-type=\"container\" data-settings=\"{&quot;background_background&quot;:&quot;classic&quot;,&quot;animation&quot;:&quot;fadeInUp&quot;}\">\n\t\t\t\t<div class=\"elementor-element elementor-element-2662265 elementor-widget elementor-widget-image\" data-id=\"2662265\" data-element_type=\"widget\" data-e-type=\"widget\" data-widget_type=\"image.default\">\n\t\t\t\t\t\t\t\t\t\t\t\t\t\t\t<img decoding=\"async\" width=\"800\" height=\"800\" src=\"https:\/\/bodegasierraalmagrera.com\/wp-content\/uploads\/2026\/02\/Jose-Miguel-Garcia.jpg\" class=\"attachment-large size-large wp-image-1799\" alt=\"\" srcset=\"https:\/\/bodegasierraalmagrera.com\/wp-content\/uploads\/2026\/02\/Jose-Miguel-Garcia.jpg 800w, https:\/\/bodegasierraalmagrera.com\/wp-content\/uploads\/2026\/02\/Jose-Miguel-Garcia-300x300.jpg 300w, https:\/\/bodegasierraalmagrera.com\/wp-content\/uploads\/2026\/02\/Jose-Miguel-Garcia-150x150.jpg 150w, https:\/\/bodegasierraalmagrera.com\/wp-content\/uploads\/2026\/02\/Jose-Miguel-Garcia-768x768.jpg 768w\" sizes=\"(max-width: 800px) 100vw, 800px\" \/>\t\t\t\t\t\t\t\t\t\t\t\t\t\t\t<\/div>\n\t\t\t\t<\/div>\n\t\t\t\t\t<\/div>\n\t\t\t\t<\/div>\n\t\t<div class=\"elementor-element elementor-element-5f7df03 elementor-hidden-desktop elementor-hidden-tablet e-flex e-con-boxed e-con e-parent\" data-id=\"5f7df03\" data-element_type=\"container\" data-e-type=\"container\" data-settings=\"{&quot;background_background&quot;:&quot;classic&quot;}\">\n\t\t\t\t\t<div class=\"e-con-inner\">\n\t\t<div class=\"elementor-element elementor-element-372af3c e-flex e-con-boxed elementor-invisible e-con e-child\" data-id=\"372af3c\" data-element_type=\"container\" data-e-type=\"container\" data-settings=\"{&quot;background_background&quot;:&quot;classic&quot;,&quot;animation&quot;:&quot;fadeInLeft&quot;}\">\n\t\t\t\t\t<div class=\"e-con-inner\">\n\t\t\t\t<div class=\"elementor-element elementor-element-426ebf4 elementor-widget elementor-widget-heading\" data-id=\"426ebf4\" data-element_type=\"widget\" data-e-type=\"widget\" data-widget_type=\"heading.default\">\n\t\t\t\t\t<h2 class=\"elementor-heading-title elementor-size-default\">JOS\u00c9 MIGUEL <strong>GARC\u00cdA<\/strong><\/h2>\t\t\t\t<\/div>\n\t\t\t\t<div class=\"elementor-element elementor-element-f21b163 elementor-widget__width-initial elementor-widget elementor-widget-text-editor\" data-id=\"f21b163\" data-element_type=\"widget\" data-e-type=\"widget\" data-widget_type=\"text-editor.default\">\n\t\t\t\t\t\t\t\t\t<p><span class=\"a_GcMg font-feature-liga-off font-feature-clig-off font-feature-calt-off text-decoration-none text-strikethrough-none\">Gr\u00fcnder<\/span><\/p>\t\t\t\t\t\t\t\t<\/div>\n\t\t\t\t<div class=\"elementor-element elementor-element-f79dcfa elementor-widget__width-initial elementor-widget elementor-widget-text-editor\" data-id=\"f79dcfa\" data-element_type=\"widget\" data-e-type=\"widget\" data-widget_type=\"text-editor.default\">\n\t\t\t\t\t\t\t\t\t<p><span class=\"a_GcMg font-feature-liga-off font-feature-clig-off font-feature-calt-off text-decoration-none text-strikethrough-none\">Als Vision\u00e4r und Weinliebhaber ist Jos\u00e9 Miguel Garc\u00eda die Seele der Bodega Sierra Almagrera. Seine internationale Laufbahn und sein tiefer Respekt f\u00fcr das Land haben ein Projekt geformt, das Tradition, Innovation und eigenen Charakter vereint. <\/span><\/p>\t\t\t\t\t\t\t\t<\/div>\n\t\t\t\t\t<\/div>\n\t\t\t\t<\/div>\n\t\t<div class=\"elementor-element elementor-element-87e348f e-flex e-con-boxed elementor-invisible e-con e-child\" data-id=\"87e348f\" data-element_type=\"container\" data-e-type=\"container\" data-settings=\"{&quot;background_background&quot;:&quot;classic&quot;,&quot;animation&quot;:&quot;fadeInUp&quot;,&quot;animation_mobile&quot;:&quot;fadeInRight&quot;}\">\n\t\t\t\t\t<div class=\"e-con-inner\">\n\t\t\t\t<div class=\"elementor-element elementor-element-b514b95 elementor-widget elementor-widget-image\" data-id=\"b514b95\" data-element_type=\"widget\" data-e-type=\"widget\" data-widget_type=\"image.default\">\n\t\t\t\t\t\t\t\t\t\t\t\t\t\t\t<img decoding=\"async\" width=\"800\" height=\"800\" src=\"https:\/\/bodegasierraalmagrera.com\/wp-content\/uploads\/2026\/02\/Jose-Miguel-Garcia.jpg\" class=\"attachment-large size-large wp-image-1799\" alt=\"\" srcset=\"https:\/\/bodegasierraalmagrera.com\/wp-content\/uploads\/2026\/02\/Jose-Miguel-Garcia.jpg 800w, https:\/\/bodegasierraalmagrera.com\/wp-content\/uploads\/2026\/02\/Jose-Miguel-Garcia-300x300.jpg 300w, https:\/\/bodegasierraalmagrera.com\/wp-content\/uploads\/2026\/02\/Jose-Miguel-Garcia-150x150.jpg 150w, https:\/\/bodegasierraalmagrera.com\/wp-content\/uploads\/2026\/02\/Jose-Miguel-Garcia-768x768.jpg 768w\" sizes=\"(max-width: 800px) 100vw, 800px\" \/>\t\t\t\t\t\t\t\t\t\t\t\t\t\t\t<\/div>\n\t\t\t\t\t<\/div>\n\t\t\t\t<\/div>\n\t\t\t\t\t<\/div>\n\t\t\t\t<\/div>\n\t\t<div class=\"elementor-element elementor-element-cadb6a3 elementor-hidden-mobile e-flex e-con-boxed e-con e-parent\" data-id=\"cadb6a3\" data-element_type=\"container\" data-e-type=\"container\" data-settings=\"{&quot;background_background&quot;:&quot;classic&quot;}\">\n\t\t\t\t\t<div class=\"e-con-inner\">\n\t\t<div class=\"elementor-element elementor-element-7b3c53a e-con-full e-flex elementor-invisible e-con e-child\" data-id=\"7b3c53a\" data-element_type=\"container\" data-e-type=\"container\" data-settings=\"{&quot;background_background&quot;:&quot;classic&quot;,&quot;animation&quot;:&quot;fadeInUp&quot;}\">\n\t\t\t\t<div class=\"elementor-element elementor-element-fadebdd elementor-widget elementor-widget-image\" data-id=\"fadebdd\" data-element_type=\"widget\" data-e-type=\"widget\" data-widget_type=\"image.default\">\n\t\t\t\t\t\t\t\t\t\t\t\t\t\t\t<img loading=\"lazy\" decoding=\"async\" width=\"800\" height=\"800\" src=\"https:\/\/bodegasierraalmagrera.com\/wp-content\/uploads\/2026\/02\/Monica-Garcia.jpg\" class=\"attachment-large size-large wp-image-1800\" alt=\"\" srcset=\"https:\/\/bodegasierraalmagrera.com\/wp-content\/uploads\/2026\/02\/Monica-Garcia.jpg 800w, https:\/\/bodegasierraalmagrera.com\/wp-content\/uploads\/2026\/02\/Monica-Garcia-300x300.jpg 300w, https:\/\/bodegasierraalmagrera.com\/wp-content\/uploads\/2026\/02\/Monica-Garcia-150x150.jpg 150w, https:\/\/bodegasierraalmagrera.com\/wp-content\/uploads\/2026\/02\/Monica-Garcia-768x768.jpg 768w\" sizes=\"(max-width: 800px) 100vw, 800px\" \/>\t\t\t\t\t\t\t\t\t\t\t\t\t\t\t<\/div>\n\t\t\t\t<\/div>\n\t\t<div class=\"elementor-element elementor-element-5330f5f e-con-full e-flex elementor-invisible e-con e-child\" data-id=\"5330f5f\" data-element_type=\"container\" data-e-type=\"container\" data-settings=\"{&quot;background_background&quot;:&quot;classic&quot;,&quot;animation&quot;:&quot;fadeInLeft&quot;}\">\n\t\t\t\t<div class=\"elementor-element elementor-element-3c0687c elementor-widget elementor-widget-heading\" data-id=\"3c0687c\" data-element_type=\"widget\" data-e-type=\"widget\" data-widget_type=\"heading.default\">\n\t\t\t\t\t<h2 class=\"elementor-heading-title elementor-size-default\">MONICA <strong>GARC\u00cdA<\/strong><\/h2>\t\t\t\t<\/div>\n\t\t\t\t<div class=\"elementor-element elementor-element-5859a8f elementor-widget__width-initial elementor-widget elementor-widget-text-editor\" data-id=\"5859a8f\" data-element_type=\"widget\" data-e-type=\"widget\" data-widget_type=\"text-editor.default\">\n\t\t\t\t\t\t\t\t\t<p>CEO<\/p>\t\t\t\t\t\t\t\t<\/div>\n\t\t\t\t<div class=\"elementor-element elementor-element-1132efc elementor-widget__width-initial elementor-widget elementor-widget-text-editor\" data-id=\"1132efc\" data-element_type=\"widget\" data-e-type=\"widget\" data-widget_type=\"text-editor.default\">\n\t\t\t\t\t\t\t\t\t<p><span class=\"a_GcMg font-feature-liga-off font-feature-clig-off font-feature-calt-off text-decoration-none text-strikethrough-none\">Sie leitet das Projekt mit einer modernen, nachhaltigen Vision und ist darauf ausgerichtet, die Bodega Sierra Almagrera als Referenz f\u00fcr spanischen Spitzenwein zu etablieren.<\/span><\/p>\t\t\t\t\t\t\t\t<\/div>\n\t\t\t\t<\/div>\n\t\t\t\t\t<\/div>\n\t\t\t\t<\/div>\n\t\t<div class=\"elementor-element elementor-element-481ce87 elementor-hidden-desktop elementor-hidden-tablet e-flex e-con-boxed e-con e-parent\" data-id=\"481ce87\" data-element_type=\"container\" data-e-type=\"container\" data-settings=\"{&quot;background_background&quot;:&quot;classic&quot;}\">\n\t\t\t\t\t<div class=\"e-con-inner\">\n\t\t<div class=\"elementor-element elementor-element-88a8b26 e-flex e-con-boxed elementor-invisible e-con e-child\" data-id=\"88a8b26\" data-element_type=\"container\" data-e-type=\"container\" data-settings=\"{&quot;background_background&quot;:&quot;classic&quot;,&quot;animation&quot;:&quot;fadeInLeft&quot;,&quot;animation_mobile&quot;:&quot;fadeInRight&quot;}\">\n\t\t\t\t\t<div class=\"e-con-inner\">\n\t\t\t\t<div class=\"elementor-element elementor-element-c8b5296 elementor-widget elementor-widget-heading\" data-id=\"c8b5296\" data-element_type=\"widget\" data-e-type=\"widget\" data-widget_type=\"heading.default\">\n\t\t\t\t\t<h2 class=\"elementor-heading-title elementor-size-default\">MONICA <strong>GARC\u00cdA<\/strong><\/h2>\t\t\t\t<\/div>\n\t\t\t\t<div class=\"elementor-element elementor-element-dc8cacc elementor-widget__width-initial elementor-widget elementor-widget-text-editor\" data-id=\"dc8cacc\" data-element_type=\"widget\" data-e-type=\"widget\" data-widget_type=\"text-editor.default\">\n\t\t\t\t\t\t\t\t\t<p>CEO<\/p>\t\t\t\t\t\t\t\t<\/div>\n\t\t\t\t<div class=\"elementor-element elementor-element-58292a8 elementor-widget__width-initial elementor-widget elementor-widget-text-editor\" data-id=\"58292a8\" data-element_type=\"widget\" data-e-type=\"widget\" data-widget_type=\"text-editor.default\">\n\t\t\t\t\t\t\t\t\t<p><span class=\"a_GcMg font-feature-liga-off font-feature-clig-off font-feature-calt-off text-decoration-none text-strikethrough-none\">Sie leitet das Projekt mit einer modernen, nachhaltigen Vision und ist darauf ausgerichtet, die Bodega Sierra Almagrera als Referenz f\u00fcr spanischen Spitzenwein zu etablieren.<\/span><\/p>\t\t\t\t\t\t\t\t<\/div>\n\t\t\t\t\t<\/div>\n\t\t\t\t<\/div>\n\t\t<div class=\"elementor-element elementor-element-4785440 e-flex e-con-boxed elementor-invisible e-con e-child\" data-id=\"4785440\" data-element_type=\"container\" data-e-type=\"container\" data-settings=\"{&quot;background_background&quot;:&quot;classic&quot;,&quot;animation&quot;:&quot;fadeInUp&quot;,&quot;animation_mobile&quot;:&quot;fadeInLeft&quot;}\">\n\t\t\t\t\t<div class=\"e-con-inner\">\n\t\t\t\t<div class=\"elementor-element elementor-element-1a5461e elementor-widget elementor-widget-image\" data-id=\"1a5461e\" data-element_type=\"widget\" data-e-type=\"widget\" data-widget_type=\"image.default\">\n\t\t\t\t\t\t\t\t\t\t\t\t\t\t\t<img loading=\"lazy\" decoding=\"async\" width=\"800\" height=\"800\" src=\"https:\/\/bodegasierraalmagrera.com\/wp-content\/uploads\/2026\/02\/Monica-Garcia.jpg\" class=\"attachment-large size-large wp-image-1800\" alt=\"\" srcset=\"https:\/\/bodegasierraalmagrera.com\/wp-content\/uploads\/2026\/02\/Monica-Garcia.jpg 800w, https:\/\/bodegasierraalmagrera.com\/wp-content\/uploads\/2026\/02\/Monica-Garcia-300x300.jpg 300w, https:\/\/bodegasierraalmagrera.com\/wp-content\/uploads\/2026\/02\/Monica-Garcia-150x150.jpg 150w, https:\/\/bodegasierraalmagrera.com\/wp-content\/uploads\/2026\/02\/Monica-Garcia-768x768.jpg 768w\" sizes=\"(max-width: 800px) 100vw, 800px\" \/>\t\t\t\t\t\t\t\t\t\t\t\t\t\t\t<\/div>\n\t\t\t\t\t<\/div>\n\t\t\t\t<\/div>\n\t\t\t\t\t<\/div>\n\t\t\t\t<\/div>\n\t\t<div class=\"elementor-element elementor-element-f0baa9c elementor-hidden-mobile e-flex e-con-boxed e-con e-parent\" data-id=\"f0baa9c\" data-element_type=\"container\" data-e-type=\"container\" data-settings=\"{&quot;background_background&quot;:&quot;classic&quot;}\">\n\t\t\t\t\t<div class=\"e-con-inner\">\n\t\t<div class=\"elementor-element elementor-element-9b866a5 e-con-full e-flex elementor-invisible e-con e-child\" data-id=\"9b866a5\" data-element_type=\"container\" data-e-type=\"container\" data-settings=\"{&quot;background_background&quot;:&quot;classic&quot;,&quot;animation&quot;:&quot;fadeInLeft&quot;}\">\n\t\t\t\t<div class=\"elementor-element elementor-element-321bd91 elementor-widget elementor-widget-heading\" data-id=\"321bd91\" data-element_type=\"widget\" data-e-type=\"widget\" data-widget_type=\"heading.default\">\n\t\t\t\t\t<h2 class=\"elementor-heading-title elementor-size-default\">DOMINGO <strong>HARO<\/strong><\/h2>\t\t\t\t<\/div>\n\t\t\t\t<div class=\"elementor-element elementor-element-d979098 elementor-widget__width-initial elementor-widget elementor-widget-text-editor\" data-id=\"d979098\" data-element_type=\"widget\" data-e-type=\"widget\" data-widget_type=\"text-editor.default\">\n\t\t\t\t\t\t\t\t\t<p><span class=\"a_GcMg font-feature-liga-off font-feature-clig-off font-feature-calt-off text-decoration-none text-strikethrough-none\">Kellermeister<\/span><\/p>\t\t\t\t\t\t\t\t<\/div>\n\t\t\t\t<div class=\"elementor-element elementor-element-bc44ede elementor-widget__width-initial elementor-widget elementor-widget-text-editor\" data-id=\"bc44ede\" data-element_type=\"widget\" data-e-type=\"widget\" data-widget_type=\"text-editor.default\">\n\t\t\t\t\t\t\t\t\t<p><span class=\"a_GcMg font-feature-liga-off font-feature-clig-off font-feature-calt-off text-decoration-none text-strikethrough-none\">Verantwortlich f\u00fcr die t\u00e4gliche Pflege des Weins, ist Domingo Haro der H\u00fcter des handwerklichen Prozesses. Von der G\u00e4rung bis zur Reifung im Barrique garantiert seine Erfahrung die Authentizit\u00e4t und Exzellenz jeder Flasche. <\/span><\/p>\t\t\t\t\t\t\t\t<\/div>\n\t\t\t\t<\/div>\n\t\t<div class=\"elementor-element elementor-element-33f7866 e-con-full e-flex elementor-invisible e-con e-child\" data-id=\"33f7866\" data-element_type=\"container\" data-e-type=\"container\" data-settings=\"{&quot;background_background&quot;:&quot;classic&quot;,&quot;animation&quot;:&quot;fadeInUp&quot;}\">\n\t\t\t\t<div class=\"elementor-element elementor-element-4601c5a elementor-widget elementor-widget-image\" data-id=\"4601c5a\" data-element_type=\"widget\" data-e-type=\"widget\" data-widget_type=\"image.default\">\n\t\t\t\t\t\t\t\t\t\t\t\t\t\t\t<img loading=\"lazy\" decoding=\"async\" width=\"800\" height=\"800\" src=\"https:\/\/bodegasierraalmagrera.com\/wp-content\/uploads\/2026\/02\/5.jpg\" class=\"attachment-large size-large wp-image-1801\" alt=\"Domingo Haro \u2013 Kellermeister\" srcset=\"https:\/\/bodegasierraalmagrera.com\/wp-content\/uploads\/2026\/02\/5.jpg 800w, https:\/\/bodegasierraalmagrera.com\/wp-content\/uploads\/2026\/02\/5-300x300.jpg 300w, https:\/\/bodegasierraalmagrera.com\/wp-content\/uploads\/2026\/02\/5-150x150.jpg 150w, https:\/\/bodegasierraalmagrera.com\/wp-content\/uploads\/2026\/02\/5-768x768.jpg 768w\" sizes=\"(max-width: 800px) 100vw, 800px\" \/>\t\t\t\t\t\t\t\t\t\t\t\t\t\t\t<\/div>\n\t\t\t\t<\/div>\n\t\t\t\t\t<\/div>\n\t\t\t\t<\/div>\n\t\t<div class=\"elementor-element elementor-element-b04b228 elementor-hidden-desktop elementor-hidden-tablet e-flex e-con-boxed e-con e-parent\" data-id=\"b04b228\" data-element_type=\"container\" data-e-type=\"container\" data-settings=\"{&quot;background_background&quot;:&quot;classic&quot;}\">\n\t\t\t\t\t<div class=\"e-con-inner\">\n\t\t<div class=\"elementor-element elementor-element-b0a6d67 e-flex e-con-boxed elementor-invisible e-con e-child\" data-id=\"b0a6d67\" data-element_type=\"container\" data-e-type=\"container\" data-settings=\"{&quot;background_background&quot;:&quot;classic&quot;,&quot;animation&quot;:&quot;fadeInLeft&quot;}\">\n\t\t\t\t\t<div class=\"e-con-inner\">\n\t\t\t\t<div class=\"elementor-element elementor-element-2083c44 elementor-widget elementor-widget-heading\" data-id=\"2083c44\" data-element_type=\"widget\" data-e-type=\"widget\" data-widget_type=\"heading.default\">\n\t\t\t\t\t<h2 class=\"elementor-heading-title elementor-size-default\">DOMINGO <strong>HARO<\/strong><\/h2>\t\t\t\t<\/div>\n\t\t\t\t<div class=\"elementor-element elementor-element-ec09d50 elementor-widget__width-initial elementor-widget elementor-widget-text-editor\" data-id=\"ec09d50\" data-element_type=\"widget\" data-e-type=\"widget\" data-widget_type=\"text-editor.default\">\n\t\t\t\t\t\t\t\t\t<p><span class=\"a_GcMg font-feature-liga-off font-feature-clig-off font-feature-calt-off text-decoration-none text-strikethrough-none\">Kellermeister<\/span><\/p>\t\t\t\t\t\t\t\t<\/div>\n\t\t\t\t<div class=\"elementor-element elementor-element-229ab9b elementor-widget__width-initial elementor-widget elementor-widget-text-editor\" data-id=\"229ab9b\" data-element_type=\"widget\" data-e-type=\"widget\" data-widget_type=\"text-editor.default\">\n\t\t\t\t\t\t\t\t\t<p><span class=\"a_GcMg font-feature-liga-off font-feature-clig-off font-feature-calt-off text-decoration-none text-strikethrough-none\">Verantwortlich f\u00fcr die t\u00e4gliche Pflege des Weins, ist Domingo Haro der H\u00fcter des handwerklichen Prozesses. Von der G\u00e4rung bis zur Reifung im Barrique garantiert seine Erfahrung die Authentizit\u00e4t und Exzellenz jeder Flasche. <\/span><\/p>\t\t\t\t\t\t\t\t<\/div>\n\t\t\t\t\t<\/div>\n\t\t\t\t<\/div>\n\t\t<div class=\"elementor-element elementor-element-5a99704 e-flex e-con-boxed elementor-invisible e-con e-child\" data-id=\"5a99704\" data-element_type=\"container\" data-e-type=\"container\" data-settings=\"{&quot;background_background&quot;:&quot;classic&quot;,&quot;animation&quot;:&quot;fadeInUp&quot;,&quot;animation_mobile&quot;:&quot;fadeInRight&quot;}\">\n\t\t\t\t\t<div class=\"e-con-inner\">\n\t\t\t\t<div class=\"elementor-element elementor-element-b72d60f elementor-widget elementor-widget-image\" data-id=\"b72d60f\" data-element_type=\"widget\" data-e-type=\"widget\" data-widget_type=\"image.default\">\n\t\t\t\t\t\t\t\t\t\t\t\t\t\t\t<img loading=\"lazy\" decoding=\"async\" width=\"800\" height=\"800\" src=\"https:\/\/bodegasierraalmagrera.com\/wp-content\/uploads\/2026\/02\/5.jpg\" class=\"attachment-large size-large wp-image-1801\" alt=\"Domingo Haro \u2013 Kellermeister\" srcset=\"https:\/\/bodegasierraalmagrera.com\/wp-content\/uploads\/2026\/02\/5.jpg 800w, https:\/\/bodegasierraalmagrera.com\/wp-content\/uploads\/2026\/02\/5-300x300.jpg 300w, https:\/\/bodegasierraalmagrera.com\/wp-content\/uploads\/2026\/02\/5-150x150.jpg 150w, https:\/\/bodegasierraalmagrera.com\/wp-content\/uploads\/2026\/02\/5-768x768.jpg 768w\" sizes=\"(max-width: 800px) 100vw, 800px\" \/>\t\t\t\t\t\t\t\t\t\t\t\t\t\t\t<\/div>\n\t\t\t\t\t<\/div>\n\t\t\t\t<\/div>\n\t\t\t\t\t<\/div>\n\t\t\t\t<\/div>\n\t\t<div class=\"elementor-element elementor-element-e7bcd32 elementor-hidden-mobile e-flex e-con-boxed e-con e-parent\" data-id=\"e7bcd32\" data-element_type=\"container\" data-e-type=\"container\" data-settings=\"{&quot;background_background&quot;:&quot;classic&quot;}\">\n\t\t\t\t\t<div class=\"e-con-inner\">\n\t\t<div class=\"elementor-element elementor-element-fea0b80 e-con-full e-flex elementor-invisible e-con e-child\" data-id=\"fea0b80\" data-element_type=\"container\" data-e-type=\"container\" data-settings=\"{&quot;background_background&quot;:&quot;classic&quot;,&quot;animation&quot;:&quot;fadeInUp&quot;}\">\n\t\t\t\t<div class=\"elementor-element elementor-element-d81bc08 elementor-widget elementor-widget-image\" data-id=\"d81bc08\" data-element_type=\"widget\" data-e-type=\"widget\" data-widget_type=\"image.default\">\n\t\t\t\t\t\t\t\t\t\t\t\t\t\t\t<img loading=\"lazy\" decoding=\"async\" width=\"800\" height=\"800\" src=\"https:\/\/bodegasierraalmagrera.com\/wp-content\/uploads\/2026\/02\/4.jpg\" class=\"attachment-large size-large wp-image-1802\" alt=\"Ignacio Figueroa Villota \u2013 Kellermeister-\u00d6nologe\" srcset=\"https:\/\/bodegasierraalmagrera.com\/wp-content\/uploads\/2026\/02\/4.jpg 800w, https:\/\/bodegasierraalmagrera.com\/wp-content\/uploads\/2026\/02\/4-300x300.jpg 300w, https:\/\/bodegasierraalmagrera.com\/wp-content\/uploads\/2026\/02\/4-150x150.jpg 150w, https:\/\/bodegasierraalmagrera.com\/wp-content\/uploads\/2026\/02\/4-768x768.jpg 768w\" sizes=\"(max-width: 800px) 100vw, 800px\" \/>\t\t\t\t\t\t\t\t\t\t\t\t\t\t\t<\/div>\n\t\t\t\t<\/div>\n\t\t<div class=\"elementor-element elementor-element-f08755f e-con-full e-flex elementor-invisible e-con e-child\" data-id=\"f08755f\" data-element_type=\"container\" data-e-type=\"container\" data-settings=\"{&quot;background_background&quot;:&quot;classic&quot;,&quot;animation&quot;:&quot;fadeInLeft&quot;}\">\n\t\t\t\t<div class=\"elementor-element elementor-element-2dfa835 elementor-widget elementor-widget-heading\" data-id=\"2dfa835\" data-element_type=\"widget\" data-e-type=\"widget\" data-widget_type=\"heading.default\">\n\t\t\t\t\t<h2 class=\"elementor-heading-title elementor-size-default\">IGNACIO <strong>FIGUEROA VILLOTA<\/strong><\/h2>\t\t\t\t<\/div>\n\t\t\t\t<div class=\"elementor-element elementor-element-82c0768 elementor-widget__width-initial elementor-widget elementor-widget-text-editor\" data-id=\"82c0768\" data-element_type=\"widget\" data-e-type=\"widget\" data-widget_type=\"text-editor.default\">\n\t\t\t\t\t\t\t\t\t<p>Kellermeister-\u00d6nologe<\/p>\t\t\t\t\t\t\t\t<\/div>\n\t\t\t\t<div class=\"elementor-element elementor-element-0a95de9 elementor-widget__width-initial elementor-widget elementor-widget-text-editor\" data-id=\"0a95de9\" data-element_type=\"widget\" data-e-type=\"widget\" data-widget_type=\"text-editor.default\">\n\t\t\t\t\t\t\t\t\t<p><span class=\"a_GcMg font-feature-liga-off font-feature-clig-off font-feature-calt-off text-decoration-none text-strikethrough-none\">Einer der gro\u00dfen Namen der spanischen \u00d6nologie. Seine Pr\u00e4zision, Sensibilit\u00e4t und technisches Wissen erm\u00f6glichen es, Trauben in ausgewogene, elegante Weine mit gro\u00dfem Lagerpotenzial zu verwandeln. <\/span><\/p>\t\t\t\t\t\t\t\t<\/div>\n\t\t\t\t<\/div>\n\t\t\t\t\t<\/div>\n\t\t\t\t<\/div>\n\t\t<div class=\"elementor-element elementor-element-0e05f30 elementor-hidden-desktop elementor-hidden-tablet e-flex e-con-boxed e-con e-parent\" data-id=\"0e05f30\" data-element_type=\"container\" data-e-type=\"container\" data-settings=\"{&quot;background_background&quot;:&quot;classic&quot;}\">\n\t\t\t\t\t<div class=\"e-con-inner\">\n\t\t<div class=\"elementor-element elementor-element-87125bd e-flex e-con-boxed elementor-invisible e-con e-child\" data-id=\"87125bd\" data-element_type=\"container\" data-e-type=\"container\" data-settings=\"{&quot;background_background&quot;:&quot;classic&quot;,&quot;animation&quot;:&quot;fadeInLeft&quot;,&quot;animation_mobile&quot;:&quot;fadeInRight&quot;}\">\n\t\t\t\t\t<div class=\"e-con-inner\">\n\t\t\t\t<div class=\"elementor-element elementor-element-cdad95c elementor-widget elementor-widget-heading\" data-id=\"cdad95c\" data-element_type=\"widget\" data-e-type=\"widget\" data-widget_type=\"heading.default\">\n\t\t\t\t\t<h2 class=\"elementor-heading-title elementor-size-default\">IGNACIO <strong>FIGUEROA VILLOTA<\/strong><\/h2>\t\t\t\t<\/div>\n\t\t\t\t<div class=\"elementor-element elementor-element-2a65f94 elementor-widget__width-initial elementor-widget elementor-widget-text-editor\" data-id=\"2a65f94\" data-element_type=\"widget\" data-e-type=\"widget\" data-widget_type=\"text-editor.default\">\n\t\t\t\t\t\t\t\t\t<p>Kellermeister-\u00d6nologe<\/p>\t\t\t\t\t\t\t\t<\/div>\n\t\t\t\t<div class=\"elementor-element elementor-element-32dae9e elementor-widget__width-initial elementor-widget elementor-widget-text-editor\" data-id=\"32dae9e\" data-element_type=\"widget\" data-e-type=\"widget\" data-widget_type=\"text-editor.default\">\n\t\t\t\t\t\t\t\t\t<p><span class=\"a_GcMg font-feature-liga-off font-feature-clig-off font-feature-calt-off text-decoration-none text-strikethrough-none\">Einer der gro\u00dfen Namen der spanischen \u00d6nologie. Seine Pr\u00e4zision, Sensibilit\u00e4t und technisches Wissen erm\u00f6glichen es, Trauben in ausgewogene, elegante Weine mit gro\u00dfem Lagerpotenzial zu verwandeln. <\/span><\/p>\t\t\t\t\t\t\t\t<\/div>\n\t\t\t\t\t<\/div>\n\t\t\t\t<\/div>\n\t\t<div class=\"elementor-element elementor-element-400f7b1 e-flex e-con-boxed elementor-invisible e-con e-child\" data-id=\"400f7b1\" data-element_type=\"container\" data-e-type=\"container\" data-settings=\"{&quot;background_background&quot;:&quot;classic&quot;,&quot;animation&quot;:&quot;fadeInUp&quot;,&quot;animation_mobile&quot;:&quot;fadeInLeft&quot;}\">\n\t\t\t\t\t<div class=\"e-con-inner\">\n\t\t\t\t<div class=\"elementor-element elementor-element-df10dea elementor-widget elementor-widget-image\" data-id=\"df10dea\" data-element_type=\"widget\" data-e-type=\"widget\" data-widget_type=\"image.default\">\n\t\t\t\t\t\t\t\t\t\t\t\t\t\t\t<img loading=\"lazy\" decoding=\"async\" width=\"800\" height=\"800\" src=\"https:\/\/bodegasierraalmagrera.com\/wp-content\/uploads\/2026\/02\/4.jpg\" class=\"attachment-large size-large wp-image-1802\" alt=\"Ignacio Figueroa Villota \u2013 Kellermeister-\u00d6nologe\" srcset=\"https:\/\/bodegasierraalmagrera.com\/wp-content\/uploads\/2026\/02\/4.jpg 800w, https:\/\/bodegasierraalmagrera.com\/wp-content\/uploads\/2026\/02\/4-300x300.jpg 300w, https:\/\/bodegasierraalmagrera.com\/wp-content\/uploads\/2026\/02\/4-150x150.jpg 150w, https:\/\/bodegasierraalmagrera.com\/wp-content\/uploads\/2026\/02\/4-768x768.jpg 768w\" sizes=\"(max-width: 800px) 100vw, 800px\" \/>\t\t\t\t\t\t\t\t\t\t\t\t\t\t\t<\/div>\n\t\t\t\t\t<\/div>\n\t\t\t\t<\/div>\n\t\t\t\t\t<\/div>\n\t\t\t\t<\/div>\n\t\t<div class=\"elementor-element elementor-element-0dc3306 elementor-hidden-mobile e-flex e-con-boxed e-con e-parent\" data-id=\"0dc3306\" data-element_type=\"container\" data-e-type=\"container\" data-settings=\"{&quot;background_background&quot;:&quot;classic&quot;}\">\n\t\t\t\t\t<div class=\"e-con-inner\">\n\t\t<div class=\"elementor-element elementor-element-4f96866 e-con-full e-flex elementor-invisible e-con e-child\" data-id=\"4f96866\" data-element_type=\"container\" data-e-type=\"container\" data-settings=\"{&quot;background_background&quot;:&quot;classic&quot;,&quot;animation&quot;:&quot;fadeInLeft&quot;}\">\n\t\t\t\t<div class=\"elementor-element elementor-element-46f79d3 elementor-widget elementor-widget-heading\" data-id=\"46f79d3\" data-element_type=\"widget\" data-e-type=\"widget\" data-widget_type=\"heading.default\">\n\t\t\t\t\t<h2 class=\"elementor-heading-title elementor-size-default\">C\u00c9SAR <strong>RUGGIA<\/strong><\/h2>\t\t\t\t<\/div>\n\t\t\t\t<div class=\"elementor-element elementor-element-2d49b87 elementor-widget__width-initial elementor-widget elementor-widget-text-editor\" data-id=\"2d49b87\" data-element_type=\"widget\" data-e-type=\"widget\" data-widget_type=\"text-editor.default\">\n\t\t\t\t\t\t\t\t\t<p><span class=\"a_GcMg font-feature-liga-off font-feature-clig-off font-feature-calt-off text-decoration-none text-strikethrough-none\">\u00d6nologe der Bodega<\/span><\/p>\t\t\t\t\t\t\t\t<\/div>\n\t\t\t\t<div class=\"elementor-element elementor-element-07768ec elementor-widget__width-initial elementor-widget elementor-widget-text-editor\" data-id=\"07768ec\" data-element_type=\"widget\" data-e-type=\"widget\" data-widget_type=\"text-editor.default\">\n\t\t\t\t\t\t\t\t\t<p><span class=\"a_GcMg font-feature-liga-off font-feature-clig-off font-feature-calt-off text-decoration-none text-strikethrough-none\">Seine Expertise und sein tiefes Verst\u00e4ndnis f\u00fcr Weinberg und Vinifikation sind Schl\u00fcsselelemente der Bodega Sierra Almagrera. Seine Arbeit spiegelt sich in Weinen von gro\u00dfer Ausdruckskraft, Struktur und Harmonie wider, die dem Charakter des Terroirs treu bleiben. <\/span><\/p>\t\t\t\t\t\t\t\t<\/div>\n\t\t\t\t<\/div>\n\t\t<div class=\"elementor-element elementor-element-83d6954 e-con-full e-flex elementor-invisible e-con e-child\" data-id=\"83d6954\" data-element_type=\"container\" data-e-type=\"container\" data-settings=\"{&quot;background_background&quot;:&quot;classic&quot;,&quot;animation&quot;:&quot;fadeInUp&quot;}\">\n\t\t\t\t<div class=\"elementor-element elementor-element-d8b6893 elementor-widget elementor-widget-image\" data-id=\"d8b6893\" data-element_type=\"widget\" data-e-type=\"widget\" data-widget_type=\"image.default\">\n\t\t\t\t\t\t\t\t\t\t\t\t\t\t\t<img loading=\"lazy\" decoding=\"async\" width=\"800\" height=\"800\" src=\"https:\/\/bodegasierraalmagrera.com\/wp-content\/uploads\/2026\/02\/Cesar-Ruggia.jpg\" class=\"attachment-large size-large wp-image-1803\" alt=\"\" srcset=\"https:\/\/bodegasierraalmagrera.com\/wp-content\/uploads\/2026\/02\/Cesar-Ruggia.jpg 800w, https:\/\/bodegasierraalmagrera.com\/wp-content\/uploads\/2026\/02\/Cesar-Ruggia-300x300.jpg 300w, https:\/\/bodegasierraalmagrera.com\/wp-content\/uploads\/2026\/02\/Cesar-Ruggia-150x150.jpg 150w, https:\/\/bodegasierraalmagrera.com\/wp-content\/uploads\/2026\/02\/Cesar-Ruggia-768x768.jpg 768w\" sizes=\"(max-width: 800px) 100vw, 800px\" \/>\t\t\t\t\t\t\t\t\t\t\t\t\t\t\t<\/div>\n\t\t\t\t<\/div>\n\t\t\t\t\t<\/div>\n\t\t\t\t<\/div>\n\t\t<div class=\"elementor-element elementor-element-eaf0277 elementor-hidden-desktop elementor-hidden-tablet e-flex e-con-boxed e-con e-parent\" data-id=\"eaf0277\" data-element_type=\"container\" data-e-type=\"container\" data-settings=\"{&quot;background_background&quot;:&quot;classic&quot;}\">\n\t\t\t\t\t<div class=\"e-con-inner\">\n\t\t<div class=\"elementor-element elementor-element-ec179af e-flex e-con-boxed elementor-invisible e-con e-child\" data-id=\"ec179af\" data-element_type=\"container\" data-e-type=\"container\" data-settings=\"{&quot;background_background&quot;:&quot;classic&quot;,&quot;animation&quot;:&quot;fadeInLeft&quot;}\">\n\t\t\t\t\t<div class=\"e-con-inner\">\n\t\t\t\t<div class=\"elementor-element elementor-element-074bcc0 elementor-widget elementor-widget-heading\" data-id=\"074bcc0\" data-element_type=\"widget\" data-e-type=\"widget\" data-widget_type=\"heading.default\">\n\t\t\t\t\t<h2 class=\"elementor-heading-title elementor-size-default\">C\u00c9SAR <strong>RUGGIA<\/strong><\/h2>\t\t\t\t<\/div>\n\t\t\t\t<div class=\"elementor-element elementor-element-a515390 elementor-widget__width-initial elementor-widget elementor-widget-text-editor\" data-id=\"a515390\" data-element_type=\"widget\" data-e-type=\"widget\" data-widget_type=\"text-editor.default\">\n\t\t\t\t\t\t\t\t\t<p><span class=\"a_GcMg font-feature-liga-off font-feature-clig-off font-feature-calt-off text-decoration-none text-strikethrough-none\">\u00d6nologe der Bodega<\/span><\/p>\t\t\t\t\t\t\t\t<\/div>\n\t\t\t\t<div class=\"elementor-element elementor-element-1830ecf elementor-widget__width-initial elementor-widget elementor-widget-text-editor\" data-id=\"1830ecf\" data-element_type=\"widget\" data-e-type=\"widget\" data-widget_type=\"text-editor.default\">\n\t\t\t\t\t\t\t\t\t<p><span class=\"a_GcMg font-feature-liga-off font-feature-clig-off font-feature-calt-off text-decoration-none text-strikethrough-none\">Seine Expertise und sein tiefes Verst\u00e4ndnis f\u00fcr Weinberg und Vinifikation sind Schl\u00fcsselelemente der Bodega Sierra Almagrera. Seine Arbeit spiegelt sich in Weinen von gro\u00dfer Ausdruckskraft, Struktur und Harmonie wider, die dem Charakter des Terroirs treu bleiben. <\/span><\/p>\t\t\t\t\t\t\t\t<\/div>\n\t\t\t\t\t<\/div>\n\t\t\t\t<\/div>\n\t\t<div class=\"elementor-element elementor-element-b8d3605 e-flex e-con-boxed elementor-invisible e-con e-child\" data-id=\"b8d3605\" data-element_type=\"container\" data-e-type=\"container\" data-settings=\"{&quot;background_background&quot;:&quot;classic&quot;,&quot;animation&quot;:&quot;fadeInUp&quot;,&quot;animation_mobile&quot;:&quot;fadeInRight&quot;}\">\n\t\t\t\t\t<div class=\"e-con-inner\">\n\t\t\t\t<div class=\"elementor-element elementor-element-0bb3832 elementor-widget elementor-widget-image\" data-id=\"0bb3832\" data-element_type=\"widget\" data-e-type=\"widget\" data-widget_type=\"image.default\">\n\t\t\t\t\t\t\t\t\t\t\t\t\t\t\t<img loading=\"lazy\" decoding=\"async\" width=\"800\" height=\"800\" src=\"https:\/\/bodegasierraalmagrera.com\/wp-content\/uploads\/2026\/02\/Cesar-Ruggia.jpg\" class=\"attachment-large size-large wp-image-1803\" alt=\"\" srcset=\"https:\/\/bodegasierraalmagrera.com\/wp-content\/uploads\/2026\/02\/Cesar-Ruggia.jpg 800w, https:\/\/bodegasierraalmagrera.com\/wp-content\/uploads\/2026\/02\/Cesar-Ruggia-300x300.jpg 300w, https:\/\/bodegasierraalmagrera.com\/wp-content\/uploads\/2026\/02\/Cesar-Ruggia-150x150.jpg 150w, https:\/\/bodegasierraalmagrera.com\/wp-content\/uploads\/2026\/02\/Cesar-Ruggia-768x768.jpg 768w\" sizes=\"(max-width: 800px) 100vw, 800px\" \/>\t\t\t\t\t\t\t\t\t\t\t\t\t\t\t<\/div>\n\t\t\t\t\t<\/div>\n\t\t\t\t<\/div>\n\t\t\t\t\t<\/div>\n\t\t\t\t<\/div>\n\t\t<div class=\"elementor-element elementor-element-6dbe5a9 elementor-hidden-mobile e-flex e-con-boxed e-con e-parent\" data-id=\"6dbe5a9\" data-element_type=\"container\" data-e-type=\"container\" data-settings=\"{&quot;background_background&quot;:&quot;classic&quot;}\">\n\t\t\t\t\t<div class=\"e-con-inner\">\n\t\t<div class=\"elementor-element elementor-element-384f2ca e-con-full e-flex elementor-invisible e-con e-child\" data-id=\"384f2ca\" data-element_type=\"container\" data-e-type=\"container\" data-settings=\"{&quot;background_background&quot;:&quot;classic&quot;,&quot;animation&quot;:&quot;fadeInUp&quot;}\">\n\t\t\t\t<div class=\"elementor-element elementor-element-eba8023 elementor-widget elementor-widget-image\" data-id=\"eba8023\" data-element_type=\"widget\" data-e-type=\"widget\" data-widget_type=\"image.default\">\n\t\t\t\t\t\t\t\t\t\t\t\t\t\t\t<img loading=\"lazy\" decoding=\"async\" width=\"800\" height=\"800\" src=\"https:\/\/bodegasierraalmagrera.com\/wp-content\/uploads\/2026\/02\/Javier-Bretones-Castillo-1.jpg\" class=\"attachment-large size-large wp-image-1804\" alt=\"Javier Bretones Castillo\" srcset=\"https:\/\/bodegasierraalmagrera.com\/wp-content\/uploads\/2026\/02\/Javier-Bretones-Castillo-1.jpg 800w, https:\/\/bodegasierraalmagrera.com\/wp-content\/uploads\/2026\/02\/Javier-Bretones-Castillo-1-300x300.jpg 300w, https:\/\/bodegasierraalmagrera.com\/wp-content\/uploads\/2026\/02\/Javier-Bretones-Castillo-1-150x150.jpg 150w, https:\/\/bodegasierraalmagrera.com\/wp-content\/uploads\/2026\/02\/Javier-Bretones-Castillo-1-768x768.jpg 768w\" sizes=\"(max-width: 800px) 100vw, 800px\" \/>\t\t\t\t\t\t\t\t\t\t\t\t\t\t\t<\/div>\n\t\t\t\t<\/div>\n\t\t<div class=\"elementor-element elementor-element-6b62723 e-con-full e-flex elementor-invisible e-con e-child\" data-id=\"6b62723\" data-element_type=\"container\" data-e-type=\"container\" data-settings=\"{&quot;background_background&quot;:&quot;classic&quot;,&quot;animation&quot;:&quot;fadeInLeft&quot;}\">\n\t\t\t\t<div class=\"elementor-element elementor-element-1ffe1a4 elementor-widget elementor-widget-heading\" data-id=\"1ffe1a4\" data-element_type=\"widget\" data-e-type=\"widget\" data-widget_type=\"heading.default\">\n\t\t\t\t\t<h2 class=\"elementor-heading-title elementor-size-default\">JAVIER <strong>BRETONES CASTILLO<\/strong><\/h2>\t\t\t\t<\/div>\n\t\t\t\t<div class=\"elementor-element elementor-element-0fb7c4c elementor-widget__width-initial elementor-widget elementor-widget-text-editor\" data-id=\"0fb7c4c\" data-element_type=\"widget\" data-e-type=\"widget\" data-widget_type=\"text-editor.default\">\n\t\t\t\t\t\t\t\t\t<p>Vertrieb<\/p>\t\t\t\t\t\t\t\t<\/div>\n\t\t\t\t<div class=\"elementor-element elementor-element-1000a24 elementor-widget__width-initial elementor-widget elementor-widget-text-editor\" data-id=\"1000a24\" data-element_type=\"widget\" data-e-type=\"widget\" data-widget_type=\"text-editor.default\">\n\t\t\t\t\t\t\t\t\t<p>Fachmann der Weinbranche mit \u00fcber 15 Jahren Vertriebserfahrung und einem Jahrzehnt als Sommelier. Spezialisiert auf Premium-Weine und internationale Marktentwicklung. Er bringt eine solide kaufm\u00e4nnische Vision verbunden mit fundiertem Produktwissen ein.  <\/p>\t\t\t\t\t\t\t\t<\/div>\n\t\t\t\t<\/div>\n\t\t\t\t\t<\/div>\n\t\t\t\t<\/div>\n\t\t<div class=\"elementor-element elementor-element-e5f1413 elementor-hidden-desktop elementor-hidden-tablet e-flex e-con-boxed e-con e-parent\" data-id=\"e5f1413\" data-element_type=\"container\" data-e-type=\"container\" data-settings=\"{&quot;background_background&quot;:&quot;classic&quot;}\">\n\t\t\t\t\t<div class=\"e-con-inner\">\n\t\t<div class=\"elementor-element elementor-element-5d76649 e-flex e-con-boxed elementor-invisible e-con e-child\" data-id=\"5d76649\" data-element_type=\"container\" data-e-type=\"container\" data-settings=\"{&quot;background_background&quot;:&quot;classic&quot;,&quot;animation&quot;:&quot;fadeInLeft&quot;,&quot;animation_mobile&quot;:&quot;fadeInRight&quot;}\">\n\t\t\t\t\t<div class=\"e-con-inner\">\n\t\t\t\t<div class=\"elementor-element elementor-element-50e4abc elementor-widget elementor-widget-heading\" data-id=\"50e4abc\" data-element_type=\"widget\" data-e-type=\"widget\" data-widget_type=\"heading.default\">\n\t\t\t\t\t<h2 class=\"elementor-heading-title elementor-size-default\">JAVIER <strong>BRETONES CASTILLO<\/strong><\/h2>\t\t\t\t<\/div>\n\t\t\t\t<div class=\"elementor-element elementor-element-36f24be elementor-widget__width-initial elementor-widget elementor-widget-text-editor\" data-id=\"36f24be\" data-element_type=\"widget\" data-e-type=\"widget\" data-widget_type=\"text-editor.default\">\n\t\t\t\t\t\t\t\t\t<p>Vertrieb<\/p>\t\t\t\t\t\t\t\t<\/div>\n\t\t\t\t<div class=\"elementor-element elementor-element-d5ed178 elementor-widget__width-initial elementor-widget elementor-widget-text-editor\" data-id=\"d5ed178\" data-element_type=\"widget\" data-e-type=\"widget\" data-widget_type=\"text-editor.default\">\n\t\t\t\t\t\t\t\t\t<p>Fachmann der Weinbranche mit \u00fcber 15 Jahren Vertriebserfahrung und einem Jahrzehnt als Sommelier. Spezialisiert auf Premium-Weine und internationale Marktentwicklung. Er bringt eine solide kaufm\u00e4nnische Vision verbunden mit fundiertem Produktwissen ein.  <\/p>\t\t\t\t\t\t\t\t<\/div>\n\t\t\t\t\t<\/div>\n\t\t\t\t<\/div>\n\t\t<div class=\"elementor-element elementor-element-00da2bc e-flex e-con-boxed elementor-invisible e-con e-child\" data-id=\"00da2bc\" data-element_type=\"container\" data-e-type=\"container\" data-settings=\"{&quot;background_background&quot;:&quot;classic&quot;,&quot;animation&quot;:&quot;fadeInUp&quot;,&quot;animation_mobile&quot;:&quot;fadeInLeft&quot;}\">\n\t\t\t\t\t<div class=\"e-con-inner\">\n\t\t\t\t<div class=\"elementor-element elementor-element-336685f elementor-widget elementor-widget-image\" data-id=\"336685f\" data-element_type=\"widget\" data-e-type=\"widget\" data-widget_type=\"image.default\">\n\t\t\t\t\t\t\t\t\t\t\t\t\t\t\t<img loading=\"lazy\" decoding=\"async\" width=\"800\" height=\"800\" src=\"https:\/\/bodegasierraalmagrera.com\/wp-content\/uploads\/2026\/02\/Javier-Bretones-Castillo-1.jpg\" class=\"attachment-large size-large wp-image-1804\" alt=\"Javier Bretones Castillo\" srcset=\"https:\/\/bodegasierraalmagrera.com\/wp-content\/uploads\/2026\/02\/Javier-Bretones-Castillo-1.jpg 800w, https:\/\/bodegasierraalmagrera.com\/wp-content\/uploads\/2026\/02\/Javier-Bretones-Castillo-1-300x300.jpg 300w, https:\/\/bodegasierraalmagrera.com\/wp-content\/uploads\/2026\/02\/Javier-Bretones-Castillo-1-150x150.jpg 150w, https:\/\/bodegasierraalmagrera.com\/wp-content\/uploads\/2026\/02\/Javier-Bretones-Castillo-1-768x768.jpg 768w\" sizes=\"(max-width: 800px) 100vw, 800px\" \/>\t\t\t\t\t\t\t\t\t\t\t\t\t\t\t<\/div>\n\t\t\t\t\t<\/div>\n\t\t\t\t<\/div>\n\t\t\t\t\t<\/div>\n\t\t\t\t<\/div>\n\t\t<div class=\"elementor-element elementor-element-bacecd4 elementor-hidden-mobile e-flex e-con-boxed e-con e-parent\" data-id=\"bacecd4\" data-element_type=\"container\" data-e-type=\"container\" data-settings=\"{&quot;background_background&quot;:&quot;classic&quot;}\">\n\t\t\t\t\t<div class=\"e-con-inner\">\n\t\t<div class=\"elementor-element elementor-element-132fa7f e-con-full e-flex elementor-invisible e-con e-child\" data-id=\"132fa7f\" data-element_type=\"container\" data-e-type=\"container\" data-settings=\"{&quot;background_background&quot;:&quot;classic&quot;,&quot;animation&quot;:&quot;fadeInLeft&quot;}\">\n\t\t\t\t<div class=\"elementor-element elementor-element-2089a80 elementor-widget elementor-widget-heading\" data-id=\"2089a80\" data-element_type=\"widget\" data-e-type=\"widget\" data-widget_type=\"heading.default\">\n\t\t\t\t\t<h2 class=\"elementor-heading-title elementor-size-default\">FRANCISCO <strong>DEL CERRO MART\u00cdNEZ<\/strong><\/h2>\t\t\t\t<\/div>\n\t\t\t\t<div class=\"elementor-element elementor-element-53c2c47 elementor-widget__width-initial elementor-widget elementor-widget-text-editor\" data-id=\"53c2c47\" data-element_type=\"widget\" data-e-type=\"widget\" data-widget_type=\"text-editor.default\">\n\t\t\t\t\t\t\t\t\t<p><span class=\"a_GcMg font-feature-liga-off font-feature-clig-off font-feature-calt-off text-decoration-none text-strikethrough-none\">Winzer<\/span><\/p>\t\t\t\t\t\t\t\t<\/div>\n\t\t\t\t<div class=\"elementor-element elementor-element-00f1ae9 elementor-widget__width-initial elementor-widget elementor-widget-text-editor\" data-id=\"00f1ae9\" data-element_type=\"widget\" data-e-type=\"widget\" data-widget_type=\"text-editor.default\">\n\t\t\t\t\t\t\t\t\t<p>Agraringenieur mit Spezialisierung auf Weinbau und technische Weinbergberatung. Er verf\u00fcgt \u00fcber Erfahrung in renommierten Weing\u00fctern und bringt fundiertes agronomisches Wissen und Weinbergmanagement ein. Sein Profil vereint technische Pr\u00e4zision, praktische Erfahrung und Engagement f\u00fcr Qualit\u00e4t vom Ursprung der Traube an.  <\/p>\t\t\t\t\t\t\t\t<\/div>\n\t\t\t\t<\/div>\n\t\t<div class=\"elementor-element elementor-element-4b01a0c e-con-full e-flex elementor-invisible e-con e-child\" data-id=\"4b01a0c\" data-element_type=\"container\" data-e-type=\"container\" data-settings=\"{&quot;background_background&quot;:&quot;classic&quot;,&quot;animation&quot;:&quot;fadeInUp&quot;}\">\n\t\t\t\t<div class=\"elementor-element elementor-element-2b87224 elementor-widget elementor-widget-image\" data-id=\"2b87224\" data-element_type=\"widget\" data-e-type=\"widget\" data-widget_type=\"image.default\">\n\t\t\t\t\t\t\t\t\t\t\t\t\t\t\t<img loading=\"lazy\" decoding=\"async\" width=\"800\" height=\"800\" src=\"https:\/\/bodegasierraalmagrera.com\/wp-content\/uploads\/2026\/02\/Francisco-del-Cerro-Martinez-1.jpg\" class=\"attachment-large size-large wp-image-1805\" alt=\"Francisco del Cerro Mart\u00ednez\" srcset=\"https:\/\/bodegasierraalmagrera.com\/wp-content\/uploads\/2026\/02\/Francisco-del-Cerro-Martinez-1.jpg 800w, https:\/\/bodegasierraalmagrera.com\/wp-content\/uploads\/2026\/02\/Francisco-del-Cerro-Martinez-1-300x300.jpg 300w, https:\/\/bodegasierraalmagrera.com\/wp-content\/uploads\/2026\/02\/Francisco-del-Cerro-Martinez-1-150x150.jpg 150w, https:\/\/bodegasierraalmagrera.com\/wp-content\/uploads\/2026\/02\/Francisco-del-Cerro-Martinez-1-768x768.jpg 768w\" sizes=\"(max-width: 800px) 100vw, 800px\" \/>\t\t\t\t\t\t\t\t\t\t\t\t\t\t\t<\/div>\n\t\t\t\t<\/div>\n\t\t\t\t\t<\/div>\n\t\t\t\t<\/div>\n\t\t<div class=\"elementor-element elementor-element-d5c9e13 elementor-hidden-desktop elementor-hidden-tablet e-flex e-con-boxed e-con e-parent\" data-id=\"d5c9e13\" data-element_type=\"container\" data-e-type=\"container\" data-settings=\"{&quot;background_background&quot;:&quot;classic&quot;}\">\n\t\t\t\t\t<div class=\"e-con-inner\">\n\t\t<div class=\"elementor-element elementor-element-5dfacf6 e-flex e-con-boxed elementor-invisible e-con e-child\" data-id=\"5dfacf6\" data-element_type=\"container\" data-e-type=\"container\" data-settings=\"{&quot;background_background&quot;:&quot;classic&quot;,&quot;animation&quot;:&quot;fadeInLeft&quot;}\">\n\t\t\t\t\t<div class=\"e-con-inner\">\n\t\t\t\t<div class=\"elementor-element elementor-element-60604e4 elementor-widget elementor-widget-heading\" data-id=\"60604e4\" data-element_type=\"widget\" data-e-type=\"widget\" data-widget_type=\"heading.default\">\n\t\t\t\t\t<h2 class=\"elementor-heading-title elementor-size-default\">FRANCISCO <strong>DEL CERRO MART\u00cdNEZ<\/strong><\/h2>\t\t\t\t<\/div>\n\t\t\t\t<div class=\"elementor-element elementor-element-792e3e9 elementor-widget__width-initial elementor-widget elementor-widget-text-editor\" data-id=\"792e3e9\" data-element_type=\"widget\" data-e-type=\"widget\" data-widget_type=\"text-editor.default\">\n\t\t\t\t\t\t\t\t\t<p><span class=\"a_GcMg font-feature-liga-off font-feature-clig-off font-feature-calt-off text-decoration-none text-strikethrough-none\">Winzer<\/span><\/p>\t\t\t\t\t\t\t\t<\/div>\n\t\t\t\t<div class=\"elementor-element elementor-element-5e4aea8 elementor-widget__width-initial elementor-widget elementor-widget-text-editor\" data-id=\"5e4aea8\" data-element_type=\"widget\" data-e-type=\"widget\" data-widget_type=\"text-editor.default\">\n\t\t\t\t\t\t\t\t\t<p>Agraringenieur mit Spezialisierung auf Weinbau und technische Weinbergberatung. Er verf\u00fcgt \u00fcber Erfahrung in renommierten Weing\u00fctern und bringt fundiertes agronomisches Wissen und Weinbergmanagement ein. Sein Profil vereint technische Pr\u00e4zision, praktische Erfahrung und Engagement f\u00fcr Qualit\u00e4t vom Ursprung der Traube an.  <\/p>\t\t\t\t\t\t\t\t<\/div>\n\t\t\t\t\t<\/div>\n\t\t\t\t<\/div>\n\t\t<div class=\"elementor-element elementor-element-55c034a e-flex e-con-boxed elementor-invisible e-con e-child\" data-id=\"55c034a\" data-element_type=\"container\" data-e-type=\"container\" data-settings=\"{&quot;background_background&quot;:&quot;classic&quot;,&quot;animation&quot;:&quot;fadeInUp&quot;,&quot;animation_mobile&quot;:&quot;fadeInRight&quot;}\">\n\t\t\t\t\t<div class=\"e-con-inner\">\n\t\t\t\t<div class=\"elementor-element elementor-element-1c35d95 elementor-widget elementor-widget-image\" data-id=\"1c35d95\" data-element_type=\"widget\" data-e-type=\"widget\" data-widget_type=\"image.default\">\n\t\t\t\t\t\t\t\t\t\t\t\t\t\t\t<img loading=\"lazy\" decoding=\"async\" width=\"800\" height=\"800\" src=\"https:\/\/bodegasierraalmagrera.com\/wp-content\/uploads\/2026\/02\/Francisco-del-Cerro-Martinez-1.jpg\" class=\"attachment-large size-large wp-image-1805\" alt=\"Francisco del Cerro Mart\u00ednez\" srcset=\"https:\/\/bodegasierraalmagrera.com\/wp-content\/uploads\/2026\/02\/Francisco-del-Cerro-Martinez-1.jpg 800w, https:\/\/bodegasierraalmagrera.com\/wp-content\/uploads\/2026\/02\/Francisco-del-Cerro-Martinez-1-300x300.jpg 300w, https:\/\/bodegasierraalmagrera.com\/wp-content\/uploads\/2026\/02\/Francisco-del-Cerro-Martinez-1-150x150.jpg 150w, https:\/\/bodegasierraalmagrera.com\/wp-content\/uploads\/2026\/02\/Francisco-del-Cerro-Martinez-1-768x768.jpg 768w\" sizes=\"(max-width: 800px) 100vw, 800px\" \/>\t\t\t\t\t\t\t\t\t\t\t\t\t\t\t<\/div>\n\t\t\t\t\t<\/div>\n\t\t\t\t<\/div>\n\t\t\t\t\t<\/div>\n\t\t\t\t<\/div>\n\t\t\t\t<\/div>\n\t\t","protected":false},"excerpt":{"rendered":"<p>\u00dcBER UNS Spanisches Weingut mit Tradition Die Bodega Sierra Almagrera ist das Ergebnis von mehr als zwei Jahrzehnten Leidenschaft, Vision und Arbeit, um Weine zu kreieren, die die tiefe Identit\u00e4t des Levante von Almer\u00eda widerspiegeln. Von unseren Weinbergen in Burjul\u00fa, in der Gemeinde Cuevas del Almanzora (Almer\u00eda), erzeugen wir Weine, die aus einem extremen Terroir, [&hellip;]<\/p>\n","protected":false},"author":2,"featured_media":0,"parent":0,"menu_order":0,"comment_status":"closed","ping_status":"closed","template":"","meta":{"footnotes":""},"class_list":["post-1794","page","type-page","status-publish","hentry"],"yoast_head":"<!-- This site is optimized with the Yoast SEO plugin v27.0 - https:\/\/yoast.com\/product\/yoast-seo-wordpress\/ -->\n<title>Unsere Geschichte und unser Team | Bodega Sierra Almagrera<\/title>\n<meta name=\"description\" content=\"Erfahren Sie mehr \u00fcber die Geschichte der Bodega Sierra Almagrera, unser Team und die Leidenschaft, die unseren Weinen aus dem Herzen Almer\u00edas Leben einhaucht.\" \/>\n<meta name=\"robots\" content=\"index, follow, max-snippet:-1, max-image-preview:large, max-video-preview:-1\" \/>\n<link rel=\"canonical\" href=\"https:\/\/bodegasierraalmagrera.com\/de\/ueber-uns\/\" \/>\n<meta property=\"og:locale\" content=\"de_DE\" \/>\n<meta property=\"og:type\" content=\"article\" \/>\n<meta property=\"og:title\" content=\"Unsere Geschichte und unser Team | Bodega Sierra Almagrera\" \/>\n<meta property=\"og:description\" content=\"Erfahren Sie mehr \u00fcber die Geschichte der Bodega Sierra Almagrera, unser Team und die Leidenschaft, die unseren Weinen aus dem Herzen Almer\u00edas Leben einhaucht.\" \/>\n<meta property=\"og:url\" content=\"https:\/\/bodegasierraalmagrera.com\/de\/ueber-uns\/\" \/>\n<meta property=\"og:site_name\" content=\"Bodega Sierra Almagrera\" \/>\n<meta property=\"article:modified_time\" content=\"2026-03-10T17:39:00+00:00\" \/>\n<meta property=\"og:image\" content=\"https:\/\/bodegasierraalmagrera.com\/wp-content\/uploads\/2026\/02\/quienes-somos-2-1-1.jpg\" \/>\n\t<meta property=\"og:image:width\" content=\"500\" \/>\n\t<meta property=\"og:image:height\" content=\"625\" \/>\n\t<meta property=\"og:image:type\" content=\"image\/jpeg\" \/>\n<meta name=\"twitter:card\" content=\"summary_large_image\" \/>\n<meta name=\"twitter:label1\" content=\"Gesch\u00e4tzte Lesezeit\" \/>\n\t<meta name=\"twitter:data1\" content=\"4\u00a0Minuten\" \/>\n<script type=\"application\/ld+json\" class=\"yoast-schema-graph\">{\"@context\":\"https:\/\/schema.org\",\"@graph\":[{\"@type\":\"WebPage\",\"@id\":\"https:\/\/bodegasierraalmagrera.com\/de\/ueber-uns\/\",\"url\":\"https:\/\/bodegasierraalmagrera.com\/de\/ueber-uns\/\",\"name\":\"Unsere Geschichte und unser Team | Bodega Sierra Almagrera\",\"isPartOf\":{\"@id\":\"https:\/\/bodegasierraalmagrera.com\/de\/#website\"},\"primaryImageOfPage\":{\"@id\":\"https:\/\/bodegasierraalmagrera.com\/de\/ueber-uns\/#primaryimage\"},\"image\":{\"@id\":\"https:\/\/bodegasierraalmagrera.com\/de\/ueber-uns\/#primaryimage\"},\"thumbnailUrl\":\"https:\/\/bodegasierraalmagrera.com\/wp-content\/uploads\/2026\/02\/quienes-somos-2-1-1.jpg\",\"datePublished\":\"2026-02-20T19:20:17+00:00\",\"dateModified\":\"2026-03-10T17:39:00+00:00\",\"description\":\"Erfahren Sie mehr \u00fcber die Geschichte der Bodega Sierra Almagrera, unser Team und die Leidenschaft, die unseren Weinen aus dem Herzen Almer\u00edas Leben einhaucht.\",\"breadcrumb\":{\"@id\":\"https:\/\/bodegasierraalmagrera.com\/de\/ueber-uns\/#breadcrumb\"},\"inLanguage\":\"de\",\"potentialAction\":[{\"@type\":\"ReadAction\",\"target\":[\"https:\/\/bodegasierraalmagrera.com\/de\/ueber-uns\/\"]}]},{\"@type\":\"ImageObject\",\"inLanguage\":\"de\",\"@id\":\"https:\/\/bodegasierraalmagrera.com\/de\/ueber-uns\/#primaryimage\",\"url\":\"https:\/\/bodegasierraalmagrera.com\/wp-content\/uploads\/2026\/02\/quienes-somos-2-1-1.jpg\",\"contentUrl\":\"https:\/\/bodegasierraalmagrera.com\/wp-content\/uploads\/2026\/02\/quienes-somos-2-1-1.jpg\"},{\"@type\":\"BreadcrumbList\",\"@id\":\"https:\/\/bodegasierraalmagrera.com\/de\/ueber-uns\/#breadcrumb\",\"itemListElement\":[{\"@type\":\"ListItem\",\"position\":1,\"name\":\"Home\",\"item\":\"https:\/\/bodegasierraalmagrera.com\/de\/startseite\/\"},{\"@type\":\"ListItem\",\"position\":2,\"name\":\"\u00dcber uns\"}]},{\"@type\":\"WebSite\",\"@id\":\"https:\/\/bodegasierraalmagrera.com\/de\/#website\",\"url\":\"https:\/\/bodegasierraalmagrera.com\/de\/\",\"name\":\"Bodega Sierra Almagrera\",\"description\":\"\",\"publisher\":{\"@id\":\"https:\/\/bodegasierraalmagrera.com\/de\/#organization\"},\"potentialAction\":[{\"@type\":\"SearchAction\",\"target\":{\"@type\":\"EntryPoint\",\"urlTemplate\":\"https:\/\/bodegasierraalmagrera.com\/de\/?s={search_term_string}\"},\"query-input\":{\"@type\":\"PropertyValueSpecification\",\"valueRequired\":true,\"valueName\":\"search_term_string\"}}],\"inLanguage\":\"de\"},{\"@type\":\"Organization\",\"@id\":\"https:\/\/bodegasierraalmagrera.com\/de\/#organization\",\"name\":\"Bodega Sierra Almagrera\",\"url\":\"https:\/\/bodegasierraalmagrera.com\/de\/\",\"logo\":{\"@type\":\"ImageObject\",\"inLanguage\":\"de\",\"@id\":\"https:\/\/bodegasierraalmagrera.com\/de\/#\/schema\/logo\/image\/\",\"url\":\"https:\/\/bodegasierraalmagrera.com\/wp-content\/uploads\/2026\/02\/bodega-sierra-almagrera-fondo-transparente-2-1.png\",\"contentUrl\":\"https:\/\/bodegasierraalmagrera.com\/wp-content\/uploads\/2026\/02\/bodega-sierra-almagrera-fondo-transparente-2-1.png\",\"width\":500,\"height\":150,\"caption\":\"Bodega Sierra Almagrera\"},\"image\":{\"@id\":\"https:\/\/bodegasierraalmagrera.com\/de\/#\/schema\/logo\/image\/\"}}]}<\/script>\n<!-- \/ Yoast SEO plugin. -->","yoast_head_json":{"title":"Unsere Geschichte und unser Team | Bodega Sierra Almagrera","description":"Erfahren Sie mehr \u00fcber die Geschichte der Bodega Sierra Almagrera, unser Team und die Leidenschaft, die unseren Weinen aus dem Herzen Almer\u00edas Leben einhaucht.","robots":{"index":"index","follow":"follow","max-snippet":"max-snippet:-1","max-image-preview":"max-image-preview:large","max-video-preview":"max-video-preview:-1"},"canonical":"https:\/\/bodegasierraalmagrera.com\/de\/ueber-uns\/","og_locale":"de_DE","og_type":"article","og_title":"Unsere Geschichte und unser Team | Bodega Sierra Almagrera","og_description":"Erfahren Sie mehr \u00fcber die Geschichte der Bodega Sierra Almagrera, unser Team und die Leidenschaft, die unseren Weinen aus dem Herzen Almer\u00edas Leben einhaucht.","og_url":"https:\/\/bodegasierraalmagrera.com\/de\/ueber-uns\/","og_site_name":"Bodega Sierra Almagrera","article_modified_time":"2026-03-10T17:39:00+00:00","og_image":[{"width":500,"height":625,"url":"https:\/\/bodegasierraalmagrera.com\/wp-content\/uploads\/2026\/02\/quienes-somos-2-1-1.jpg","type":"image\/jpeg"}],"twitter_card":"summary_large_image","twitter_misc":{"Gesch\u00e4tzte Lesezeit":"4\u00a0Minuten"},"schema":{"@context":"https:\/\/schema.org","@graph":[{"@type":"WebPage","@id":"https:\/\/bodegasierraalmagrera.com\/de\/ueber-uns\/","url":"https:\/\/bodegasierraalmagrera.com\/de\/ueber-uns\/","name":"Unsere Geschichte und unser Team | Bodega Sierra Almagrera","isPartOf":{"@id":"https:\/\/bodegasierraalmagrera.com\/de\/#website"},"primaryImageOfPage":{"@id":"https:\/\/bodegasierraalmagrera.com\/de\/ueber-uns\/#primaryimage"},"image":{"@id":"https:\/\/bodegasierraalmagrera.com\/de\/ueber-uns\/#primaryimage"},"thumbnailUrl":"https:\/\/bodegasierraalmagrera.com\/wp-content\/uploads\/2026\/02\/quienes-somos-2-1-1.jpg","datePublished":"2026-02-20T19:20:17+00:00","dateModified":"2026-03-10T17:39:00+00:00","description":"Erfahren Sie mehr \u00fcber die Geschichte der Bodega Sierra Almagrera, unser Team und die Leidenschaft, die unseren Weinen aus dem Herzen Almer\u00edas Leben einhaucht.","breadcrumb":{"@id":"https:\/\/bodegasierraalmagrera.com\/de\/ueber-uns\/#breadcrumb"},"inLanguage":"de","potentialAction":[{"@type":"ReadAction","target":["https:\/\/bodegasierraalmagrera.com\/de\/ueber-uns\/"]}]},{"@type":"ImageObject","inLanguage":"de","@id":"https:\/\/bodegasierraalmagrera.com\/de\/ueber-uns\/#primaryimage","url":"https:\/\/bodegasierraalmagrera.com\/wp-content\/uploads\/2026\/02\/quienes-somos-2-1-1.jpg","contentUrl":"https:\/\/bodegasierraalmagrera.com\/wp-content\/uploads\/2026\/02\/quienes-somos-2-1-1.jpg"},{"@type":"BreadcrumbList","@id":"https:\/\/bodegasierraalmagrera.com\/de\/ueber-uns\/#breadcrumb","itemListElement":[{"@type":"ListItem","position":1,"name":"Home","item":"https:\/\/bodegasierraalmagrera.com\/de\/startseite\/"},{"@type":"ListItem","position":2,"name":"\u00dcber uns"}]},{"@type":"WebSite","@id":"https:\/\/bodegasierraalmagrera.com\/de\/#website","url":"https:\/\/bodegasierraalmagrera.com\/de\/","name":"Bodega Sierra Almagrera","description":"","publisher":{"@id":"https:\/\/bodegasierraalmagrera.com\/de\/#organization"},"potentialAction":[{"@type":"SearchAction","target":{"@type":"EntryPoint","urlTemplate":"https:\/\/bodegasierraalmagrera.com\/de\/?s={search_term_string}"},"query-input":{"@type":"PropertyValueSpecification","valueRequired":true,"valueName":"search_term_string"}}],"inLanguage":"de"},{"@type":"Organization","@id":"https:\/\/bodegasierraalmagrera.com\/de\/#organization","name":"Bodega Sierra Almagrera","url":"https:\/\/bodegasierraalmagrera.com\/de\/","logo":{"@type":"ImageObject","inLanguage":"de","@id":"https:\/\/bodegasierraalmagrera.com\/de\/#\/schema\/logo\/image\/","url":"https:\/\/bodegasierraalmagrera.com\/wp-content\/uploads\/2026\/02\/bodega-sierra-almagrera-fondo-transparente-2-1.png","contentUrl":"https:\/\/bodegasierraalmagrera.com\/wp-content\/uploads\/2026\/02\/bodega-sierra-almagrera-fondo-transparente-2-1.png","width":500,"height":150,"caption":"Bodega Sierra Almagrera"},"image":{"@id":"https:\/\/bodegasierraalmagrera.com\/de\/#\/schema\/logo\/image\/"}}]}},"_links":{"self":[{"href":"https:\/\/bodegasierraalmagrera.com\/de\/wp-json\/wp\/v2\/pages\/1794","targetHints":{"allow":["GET"]}}],"collection":[{"href":"https:\/\/bodegasierraalmagrera.com\/de\/wp-json\/wp\/v2\/pages"}],"about":[{"href":"https:\/\/bodegasierraalmagrera.com\/de\/wp-json\/wp\/v2\/types\/page"}],"author":[{"embeddable":true,"href":"https:\/\/bodegasierraalmagrera.com\/de\/wp-json\/wp\/v2\/users\/2"}],"replies":[{"embeddable":true,"href":"https:\/\/bodegasierraalmagrera.com\/de\/wp-json\/wp\/v2\/comments?post=1794"}],"version-history":[{"count":1,"href":"https:\/\/bodegasierraalmagrera.com\/de\/wp-json\/wp\/v2\/pages\/1794\/revisions"}],"predecessor-version":[{"id":1806,"href":"https:\/\/bodegasierraalmagrera.com\/de\/wp-json\/wp\/v2\/pages\/1794\/revisions\/1806"}],"wp:attachment":[{"href":"https:\/\/bodegasierraalmagrera.com\/de\/wp-json\/wp\/v2\/media?parent=1794"}],"curies":[{"name":"wp","href":"https:\/\/api.w.org\/{rel}","templated":true}]}}